{"id":2773,"date":"2025-02-12T10:41:52","date_gmt":"2025-02-12T09:41:52","guid":{"rendered":"https:\/\/tedxvub.be\/appel-a-candidatures\/"},"modified":"2025-09-23T13:16:30","modified_gmt":"2025-09-23T11:16:30","slug":"appel-a-candidatures","status":"publish","type":"page","link":"https:\/\/tedxvub.be\/fr\/appel-a-candidatures\/","title":{"rendered":"Appel \u00e0 candidatures"},"content":{"rendered":"\t\t<div data-elementor-type=\"wp-page\" data-elementor-id=\"2773\" class=\"elementor elementor-2773 elementor-1138\" data-elementor-post-type=\"page\">\n\t\t\t\t\t\t<section class=\"elementor-section elementor-top-section elementor-element elementor-element-1f81dda elementor-section-boxed elementor-section-height-default elementor-section-height-default\" data-id=\"1f81dda\" data-element_type=\"section\" data-e-type=\"section\" data-settings=\"{&quot;shape_divider_bottom&quot;:&quot;mountains&quot;}\">\n\t\t\t\t\t<div class=\"elementor-shape elementor-shape-bottom\" aria-hidden=\"true\" data-negative=\"false\">\n\t\t\t<svg xmlns=\"http:\/\/www.w3.org\/2000\/svg\" viewBox=\"0 0 1000 100\" preserveAspectRatio=\"none\">\n\t<path class=\"elementor-shape-fill\" opacity=\"0.33\" d=\"M473,67.3c-203.9,88.3-263.1-34-320.3,0C66,119.1,0,59.7,0,59.7V0h1000v59.7 c0,0-62.1,26.1-94.9,29.3c-32.8,3.3-62.8-12.3-75.8-22.1C806,49.6,745.3,8.7,694.9,4.7S492.4,59,473,67.3z\"\/>\n\t<path class=\"elementor-shape-fill\" opacity=\"0.66\" d=\"M734,67.3c-45.5,0-77.2-23.2-129.1-39.1c-28.6-8.7-150.3-10.1-254,39.1 s-91.7-34.4-149.2,0C115.7,118.3,0,39.8,0,39.8V0h1000v36.5c0,0-28.2-18.5-92.1-18.5C810.2,18.1,775.7,67.3,734,67.3z\"\/>\n\t<path class=\"elementor-shape-fill\" d=\"M766.1,28.9c-200-57.5-266,65.5-395.1,19.5C242,1.8,242,5.4,184.8,20.6C128,35.8,132.3,44.9,89.9,52.5C28.6,63.7,0,0,0,0 h1000c0,0-9.9,40.9-83.6,48.1S829.6,47,766.1,28.9z\"\/>\n<\/svg>\t\t<\/div>\n\t\t\t\t\t<div class=\"elementor-container elementor-column-gap-default\">\n\t\t\t\t\t<div class=\"elementor-column elementor-col-50 elementor-top-column elementor-element elementor-element-e75967d\" data-id=\"e75967d\" data-element_type=\"column\" data-e-type=\"column\">\n\t\t\t<div class=\"elementor-widget-wrap elementor-element-populated\">\n\t\t\t\t\t\t<div class=\"elementor-element elementor-element-c8616fd elementor-widget elementor-widget-heading\" data-id=\"c8616fd\" data-element_type=\"widget\" data-e-type=\"widget\" data-widget_type=\"heading.default\">\n\t\t\t\t<div class=\"elementor-widget-container\">\n\t\t\t\t\t<h2 class=\"elementor-heading-title elementor-size-default\">Devenez conf\u00e9rencier<\/h2>\t\t\t\t<\/div>\n\t\t\t\t<\/div>\n\t\t\t\t<div class=\"elementor-element elementor-element-2b93c60 elementor-widget elementor-widget-text-editor\" data-id=\"2b93c60\" data-element_type=\"widget\" data-e-type=\"widget\" data-widget_type=\"text-editor.default\">\n\t\t\t\t<div class=\"elementor-widget-container\">\n\t\t\t\t\t\t\t\t\t<p>TEDxVUB recherche des personnes passionn\u00e9es et porteuses d&rsquo;id\u00e9es percutantes \u00e0 partager sur sc\u00e8ne. Que vous soyez chercheur, innovateur ou porteur d&rsquo;une perspective unique, nous vous encourageons \u00e0 postuler. <\/p><ul><li><strong><span class=\"NormalTextRun SCXW97787887 BCX8\">Que<\/span> <span class=\"NormalTextRun SCXW97787887 BCX8\">recherchons-nous ?<\/span><\/strong><br><ul><li>Des id\u00e9es qui inspirent et remettent en question la pens\u00e9e conventionnelle.<\/li><li>Une approche narrative claire et engageante.<\/li><li>Pertinence par rapport au th\u00e8me \u00ab Ne jamais dire jamais \u00bb.<\/li><\/ul><\/li><\/ul>\t\t\t\t\t\t\t\t<\/div>\n\t\t\t\t<\/div>\n\t\t\t\t<div class=\"elementor-element elementor-element-4a82995 elementor-align-left elementor-mobile-align-center elementor-tablet-align-left elementor-widget elementor-widget-button\" data-id=\"4a82995\" data-element_type=\"widget\" data-e-type=\"widget\" data-widget_type=\"button.default\">\n\t\t\t\t<div class=\"elementor-widget-container\">\n\t\t\t\t\t\t\t\t\t<div class=\"elementor-button-wrapper\">\n\t\t\t\t\t<a class=\"elementor-button elementor-button-link elementor-size-sm\" href=\"https:\/\/tedxvub.be\/fr\/devenez-conferencier\/\">\n\t\t\t\t\t\t<span class=\"elementor-button-content-wrapper\">\n\t\t\t\t\t\t\t\t\t<span class=\"elementor-button-text\">Postulez ici !<\/span>\n\t\t\t\t\t<\/span>\n\t\t\t\t\t<\/a>\n\t\t\t\t<\/div>\n\t\t\t\t\t\t\t\t<\/div>\n\t\t\t\t<\/div>\n\t\t\t\t\t<\/div>\n\t\t<\/div>\n\t\t\t\t<div class=\"elementor-column elementor-col-50 elementor-top-column elementor-element elementor-element-f7f1551\" data-id=\"f7f1551\" data-element_type=\"column\" data-e-type=\"column\">\n\t\t\t<div class=\"elementor-widget-wrap elementor-element-populated\">\n\t\t\t\t\t\t<div class=\"elementor-element elementor-element-d9da8c3 elementor-widget elementor-widget-image\" data-id=\"d9da8c3\" data-element_type=\"widget\" data-e-type=\"widget\" data-widget_type=\"image.default\">\n\t\t\t\t<div class=\"elementor-widget-container\">\n\t\t\t\t\t\t\t\t\t\t\t\t\t\t\t<img fetchpriority=\"high\" decoding=\"async\" width=\"576\" height=\"1024\" src=\"https:\/\/tedxvub.be\/wp-content\/uploads\/2025\/04\/ted-x-vub-bruxelles-belgique-06.webp\" class=\"attachment-full size-full wp-image-2947\" alt=\"\" srcset=\"https:\/\/tedxvub.be\/wp-content\/uploads\/2025\/04\/ted-x-vub-bruxelles-belgique-06.webp 576w, https:\/\/tedxvub.be\/wp-content\/uploads\/2025\/04\/ted-x-vub-bruxelles-belgique-06-169x300.webp 169w\" sizes=\"(max-width: 576px) 100vw, 576px\" \/>\t\t\t\t\t\t\t\t\t\t\t\t\t\t\t<\/div>\n\t\t\t\t<\/div>\n\t\t\t\t\t<\/div>\n\t\t<\/div>\n\t\t\t\t\t<\/div>\n\t\t<\/section>\n\t\t\t\t<section class=\"elementor-section elementor-top-section elementor-element elementor-element-d19c75c elementor-section-boxed elementor-section-height-default elementor-section-height-default\" data-id=\"d19c75c\" data-element_type=\"section\" data-e-type=\"section\" data-settings=\"{&quot;background_background&quot;:&quot;classic&quot;}\">\n\t\t\t\t\t\t<div class=\"elementor-container elementor-column-gap-default\">\n\t\t\t\t\t<div class=\"elementor-column elementor-col-50 elementor-top-column elementor-element elementor-element-409c1f5\" data-id=\"409c1f5\" data-element_type=\"column\" data-e-type=\"column\">\n\t\t\t<div class=\"elementor-widget-wrap elementor-element-populated\">\n\t\t\t\t\t\t<div class=\"elementor-element elementor-element-b0b2420 elementor-widget elementor-widget-image\" data-id=\"b0b2420\" data-element_type=\"widget\" data-e-type=\"widget\" data-widget_type=\"image.default\">\n\t\t\t\t<div class=\"elementor-widget-container\">\n\t\t\t\t\t\t\t\t\t\t\t\t\t\t\t<img decoding=\"async\" width=\"576\" height=\"1024\" src=\"https:\/\/tedxvub.be\/wp-content\/uploads\/2025\/04\/ted-x-vub-bruxelles-belgique-08.webp\" class=\"attachment-full size-full wp-image-2950\" alt=\"\" srcset=\"https:\/\/tedxvub.be\/wp-content\/uploads\/2025\/04\/ted-x-vub-bruxelles-belgique-08.webp 576w, https:\/\/tedxvub.be\/wp-content\/uploads\/2025\/04\/ted-x-vub-bruxelles-belgique-08-169x300.webp 169w\" sizes=\"(max-width: 576px) 100vw, 576px\" \/>\t\t\t\t\t\t\t\t\t\t\t\t\t\t\t<\/div>\n\t\t\t\t<\/div>\n\t\t\t\t\t<\/div>\n\t\t<\/div>\n\t\t\t\t<div class=\"elementor-column elementor-col-50 elementor-top-column elementor-element elementor-element-d6f9018\" data-id=\"d6f9018\" data-element_type=\"column\" data-e-type=\"column\">\n\t\t\t<div class=\"elementor-widget-wrap elementor-element-populated\">\n\t\t\t\t\t\t<div class=\"elementor-element elementor-element-dde280c elementor-widget elementor-widget-heading\" data-id=\"dde280c\" data-element_type=\"widget\" data-e-type=\"widget\" data-widget_type=\"heading.default\">\n\t\t\t\t<div class=\"elementor-widget-container\">\n\t\t\t\t\t<h2 class=\"elementor-heading-title elementor-size-default\">Devenez b\u00e9n\u00e9vole<\/h2>\t\t\t\t<\/div>\n\t\t\t\t<\/div>\n\t\t\t\t<div class=\"elementor-element elementor-element-1ed2e62 elementor-widget elementor-widget-text-editor\" data-id=\"1ed2e62\" data-element_type=\"widget\" data-e-type=\"widget\" data-widget_type=\"text-editor.default\">\n\t\t\t\t<div class=\"elementor-widget-container\">\n\t\t\t\t\t\t\t\t\t<p>Rejoignez notre \u00e9quipe d&rsquo;organisation et contribuez \u00e0 donner vie \u00e0 TEDxVUB ! Les b\u00e9n\u00e9voles jouent un r\u00f4le crucial pour garantir le bon d\u00e9roulement et l&rsquo;impact de l&rsquo;\u00e9v\u00e9nement. Nous accueillons les \u00e9tudiants et les professionnels d\u00e9sireux de mettre \u00e0 profit leur temps et leurs comp\u00e9tences.  <\/p><ul><li><strong>Postes disponibles :<\/strong><ul><li>Logistique et coordination de l&rsquo;\u00e9v\u00e9nement<\/li><li>Marketing et communication<\/li><li>Gestion des conf\u00e9renciers et des invit\u00e9s<\/li><\/ul><\/li><\/ul>\t\t\t\t\t\t\t\t<\/div>\n\t\t\t\t<\/div>\n\t\t\t\t<div class=\"elementor-element elementor-element-4581129 elementor-align-left elementor-mobile-align-center elementor-tablet-align-left elementor-widget elementor-widget-button\" data-id=\"4581129\" data-element_type=\"widget\" data-e-type=\"widget\" data-widget_type=\"button.default\">\n\t\t\t\t<div class=\"elementor-widget-container\">\n\t\t\t\t\t\t\t\t\t<div class=\"elementor-button-wrapper\">\n\t\t\t\t\t<a class=\"elementor-button elementor-button-link elementor-size-sm\" href=\"https:\/\/tedxvub.be\/fr\/devenez-benevole\/\">\n\t\t\t\t\t\t<span class=\"elementor-button-content-wrapper\">\n\t\t\t\t\t\t\t\t\t<span class=\"elementor-button-text\">Postulez ici !<\/span>\n\t\t\t\t\t<\/span>\n\t\t\t\t\t<\/a>\n\t\t\t\t<\/div>\n\t\t\t\t\t\t\t\t<\/div>\n\t\t\t\t<\/div>\n\t\t\t\t\t<\/div>\n\t\t<\/div>\n\t\t\t\t\t<\/div>\n\t\t<\/section>\n\t\t\t\t<section class=\"elementor-section elementor-top-section elementor-element elementor-element-23dc157 elementor-section-boxed elementor-section-height-default elementor-section-height-default\" data-id=\"23dc157\" data-element_type=\"section\" data-e-type=\"section\" data-settings=\"{&quot;shape_divider_top&quot;:&quot;opacity-tilt&quot;}\">\n\t\t\t\t\t<div class=\"elementor-shape elementor-shape-top\" aria-hidden=\"true\" data-negative=\"false\">\n\t\t\t<svg xmlns=\"http:\/\/www.w3.org\/2000\/svg\" viewBox=\"0 0 2600 131.1\" preserveAspectRatio=\"none\">\n\t<path class=\"elementor-shape-fill\" d=\"M0 0L2600 0 2600 69.1 0 0z\"\/>\n\t<path class=\"elementor-shape-fill\" style=\"opacity:0.5\" d=\"M0 0L2600 0 2600 69.1 0 69.1z\"\/>\n\t<path class=\"elementor-shape-fill\" style=\"opacity:0.25\" d=\"M2600 0L0 0 0 130.1 2600 69.1z\"\/>\n<\/svg>\t\t<\/div>\n\t\t\t\t\t<div class=\"elementor-container elementor-column-gap-default\">\n\t\t\t\t\t<div class=\"elementor-column elementor-col-50 elementor-top-column elementor-element elementor-element-1cd9526\" data-id=\"1cd9526\" data-element_type=\"column\" data-e-type=\"column\">\n\t\t\t<div class=\"elementor-widget-wrap elementor-element-populated\">\n\t\t\t\t\t\t<div class=\"elementor-element elementor-element-a0c3147 elementor-widget elementor-widget-heading\" data-id=\"a0c3147\" data-element_type=\"widget\" data-e-type=\"widget\" data-widget_type=\"heading.default\">\n\t\t\t\t<div class=\"elementor-widget-container\">\n\t\t\t\t\t<h2 class=\"elementor-heading-title elementor-size-default\">Devenez Sponsor\/Partenaire<\/h2>\t\t\t\t<\/div>\n\t\t\t\t<\/div>\n\t\t\t\t<div class=\"elementor-element elementor-element-afe95a2 elementor-widget elementor-widget-text-editor\" data-id=\"afe95a2\" data-element_type=\"widget\" data-e-type=\"widget\" data-widget_type=\"text-editor.default\">\n\t\t\t\t<div class=\"elementor-widget-container\">\n\t\t\t\t\t\t\t\t\t<p><span class=\"TextRun SCXW126622916 BCX8\" lang=\"FR-BE\" xml:lang=\"FR-BE\" data-contrast=\"auto\"><span class=\"NormalTextRun SCXW126622916 BCX8\">Soutien <\/span><span class=\"NormalTextRun SCXW126622916 BCX8\">TEDxVUB<\/span><span class=\"NormalTextRun SCXW126622916 BCX8\"> et <\/span><span class=\"NormalTextRun SCXW126622916 BCX8\">\u00eatre<\/span><span class=\"NormalTextRun SCXW126622916 BCX8\"> partie d&rsquo;un <\/span><span class=\"NormalTextRun SCXW126622916 BCX8\">inspirant<\/span> <span class=\"NormalTextRun SCXW126622916 BCX8\">\u00e9v\u00e9nement<\/span> <span class=\"NormalTextRun SCXW126622916 BCX8\">ce<\/span> <span class=\"NormalTextRun SCXW126622916 BCX8\">apporte<\/span> <span class=\"NormalTextRun SCXW126622916 BCX8\">ensemble<\/span> <span class=\"NormalTextRun SCXW126622916 BCX8\">VUB\u2019s<\/span> <span class=\"NormalTextRun SCXW126622916 BCX8\">inspirant<\/span> <span class=\"NormalTextRun SCXW126622916 BCX8\">acad\u00e9mique<\/span><span class=\"NormalTextRun SCXW126622916 BCX8\"> public<\/span><span class=\"NormalTextRun SCXW126622916 BCX8\">.  <\/span><span class=\"NormalTextRun SCXW126622916 BCX8\">Partenariat<\/span> <span class=\"NormalTextRun SCXW126622916 BCX8\">avec<\/span> <span class=\"NormalTextRun SCXW126622916 BCX8\">TEDxVUB<\/span> <span class=\"NormalTextRun SCXW126622916 BCX8\">donne<\/span> <span class=\"NormalTextRun SCXW126622916 BCX8\">ton<\/span><span class=\"NormalTextRun SCXW126622916 BCX8\"> marque <\/span><span class=\"NormalTextRun SCXW126622916 BCX8\">visibilit\u00e9<\/span> <span class=\"NormalTextRun SCXW126622916 BCX8\">parmi<\/span><span class=\"NormalTextRun SCXW126622916 BCX8\"> un <\/span><span class=\"NormalTextRun SCXW126622916 BCX8\">engag\u00e9<\/span> <span class=\"NormalTextRun SCXW126622916 BCX8\">acad\u00e9mique<\/span><span class=\"NormalTextRun SCXW126622916 BCX8\"> et <\/span><span class=\"NormalTextRun SCXW126622916 BCX8\">professionnel<\/span><span class=\"NormalTextRun SCXW126622916 BCX8\"> public.<\/span><\/span><span class=\"EOP SCXW126622916 BCX8\" data-ccp-props=\"{\"134233117\":true,\"134233118\":true,\"335557856\":16777215}\"> <\/span><\/p><ul><li><strong>Avantages du parrainage :<\/strong><ul><li>Exposition de la marque \u00e0 un public diversifi\u00e9 et dynamique.<\/li><li>Opportunit\u00e9s de r\u00e9seautage avec des influenceurs cl\u00e9s et des universitaires.<\/li><li>Association avec une plateforme TEDx reconnue mondialement.<\/li><\/ul><\/li><\/ul>\t\t\t\t\t\t\t\t<\/div>\n\t\t\t\t<\/div>\n\t\t\t\t<div class=\"elementor-element elementor-element-f477186 elementor-align-left elementor-mobile-align-center elementor-tablet-align-left elementor-widget elementor-widget-button\" data-id=\"f477186\" data-element_type=\"widget\" data-e-type=\"widget\" data-widget_type=\"button.default\">\n\t\t\t\t<div class=\"elementor-widget-container\">\n\t\t\t\t\t\t\t\t\t<div class=\"elementor-button-wrapper\">\n\t\t\t\t\t<a class=\"elementor-button elementor-button-link elementor-size-sm\" href=\"mailto:info@tedxvub.be\">\n\t\t\t\t\t\t<span class=\"elementor-button-content-wrapper\">\n\t\t\t\t\t\t\t\t\t<span class=\"elementor-button-text\">Contactez-nous !<\/span>\n\t\t\t\t\t<\/span>\n\t\t\t\t\t<\/a>\n\t\t\t\t<\/div>\n\t\t\t\t\t\t\t\t<\/div>\n\t\t\t\t<\/div>\n\t\t\t\t\t<\/div>\n\t\t<\/div>\n\t\t\t\t<div class=\"elementor-column elementor-col-50 elementor-top-column elementor-element elementor-element-43aba35\" data-id=\"43aba35\" data-element_type=\"column\" data-e-type=\"column\">\n\t\t\t<div class=\"elementor-widget-wrap elementor-element-populated\">\n\t\t\t\t\t\t<div class=\"elementor-element elementor-element-e177f3c elementor-widget elementor-widget-image\" data-id=\"e177f3c\" data-element_type=\"widget\" data-e-type=\"widget\" data-widget_type=\"image.default\">\n\t\t\t\t<div class=\"elementor-widget-container\">\n\t\t\t\t\t\t\t\t\t\t\t\t\t\t\t<img decoding=\"async\" width=\"576\" height=\"1024\" src=\"https:\/\/tedxvub.be\/wp-content\/uploads\/2025\/04\/ted-x-vub-bruxelles-belgique-06.webp\" class=\"attachment-large size-large wp-image-2947\" alt=\"\" srcset=\"https:\/\/tedxvub.be\/wp-content\/uploads\/2025\/04\/ted-x-vub-bruxelles-belgique-06.webp 576w, https:\/\/tedxvub.be\/wp-content\/uploads\/2025\/04\/ted-x-vub-bruxelles-belgique-06-169x300.webp 169w\" sizes=\"(max-width: 576px) 100vw, 576px\" \/>\t\t\t\t\t\t\t\t\t\t\t\t\t\t\t<\/div>\n\t\t\t\t<\/div>\n\t\t\t\t\t<\/div>\n\t\t<\/div>\n\t\t\t\t\t<\/div>\n\t\t<\/section>\n\t\t\t\t<\/div>\n\t\t","protected":false},"excerpt":{"rendered":"<p>Devenez conf\u00e9rencier TEDxVUB recherche des personnes passionn\u00e9es et porteuses d&rsquo;id\u00e9es percutantes \u00e0 partager sur sc\u00e8ne. Que vous soyez chercheur, innovateur ou porteur d&rsquo;une perspective unique, nous vous encourageons \u00e0 postuler. Que recherchons-nous ? Des id\u00e9es qui inspirent et remettent en question la pens\u00e9e conventionnelle. Une approche narrative claire et engageante. Pertinence par rapport au th\u00e8me [&hellip;]<\/p>\n","protected":false},"author":1,"featured_media":0,"parent":0,"menu_order":0,"comment_status":"closed","ping_status":"closed","template":"","meta":{"footnotes":""},"class_list":["post-2773","page","type-page","status-publish","hentry"],"yoast_head":"<!-- This site is optimized with the Yoast SEO plugin v27.4 - https:\/\/yoast.com\/product\/yoast-seo-wordpress\/ -->\n<title>Appel \u00e0 candidatures | TEDxVUB 2025 \u2013 Prenez la parole lors de notre \u00e9v\u00e9nement<\/title>\n<meta name=\"description\" content=\"L&#039;appel \u00e0 candidatures est d\u00e9sormais ouvert pour TEDxVUB 2025. Soumettez votre id\u00e9e et montez sur sc\u00e8ne pour inspirer le changement \u00e0 Bruxelles.\" \/>\n<meta name=\"robots\" content=\"index, follow, max-snippet:-1, max-image-preview:large, max-video-preview:-1\" \/>\n<link rel=\"canonical\" href=\"https:\/\/tedxvub.be\/fr\/appel-a-candidatures\/\" \/>\n<meta property=\"og:locale\" content=\"fr_FR\" \/>\n<meta property=\"og:type\" content=\"article\" \/>\n<meta property=\"og:title\" content=\"Appel \u00e0 candidatures | TEDxVUB 2025 \u2013 Prenez la parole lors de notre \u00e9v\u00e9nement\" \/>\n<meta property=\"og:description\" content=\"L&#039;appel \u00e0 candidatures est d\u00e9sormais ouvert pour TEDxVUB 2025. Soumettez votre id\u00e9e et montez sur sc\u00e8ne pour inspirer le changement \u00e0 Bruxelles.\" \/>\n<meta property=\"og:url\" content=\"https:\/\/tedxvub.be\/fr\/appel-a-candidatures\/\" \/>\n<meta property=\"og:site_name\" content=\"TEDxVUB\" \/>\n<meta property=\"article:modified_time\" content=\"2025-09-23T11:16:30+00:00\" \/>\n<meta property=\"og:image\" content=\"https:\/\/tedxvub.be\/wp-content\/uploads\/2025\/04\/ted-x-vub-bruxelles-belgique-06.webp\" \/>\n<meta name=\"twitter:card\" content=\"summary_large_image\" \/>\n<meta name=\"twitter:label1\" content=\"Dur\u00e9e de lecture estim\u00e9e\" \/>\n\t<meta name=\"twitter:data1\" content=\"2 minutes\" \/>\n<script type=\"application\/ld+json\" class=\"yoast-schema-graph\">{\"@context\":\"https:\\\/\\\/schema.org\",\"@graph\":[{\"@type\":\"WebPage\",\"@id\":\"https:\\\/\\\/tedxvub.be\\\/fr\\\/appel-a-candidatures\\\/\",\"url\":\"https:\\\/\\\/tedxvub.be\\\/fr\\\/appel-a-candidatures\\\/\",\"name\":\"Appel \u00e0 candidatures | TEDxVUB 2025 \u2013 Prenez la parole lors de notre \u00e9v\u00e9nement\",\"isPartOf\":{\"@id\":\"https:\\\/\\\/tedxvub.be\\\/fr\\\/#website\"},\"primaryImageOfPage\":{\"@id\":\"https:\\\/\\\/tedxvub.be\\\/fr\\\/appel-a-candidatures\\\/#primaryimage\"},\"image\":{\"@id\":\"https:\\\/\\\/tedxvub.be\\\/fr\\\/appel-a-candidatures\\\/#primaryimage\"},\"thumbnailUrl\":\"https:\\\/\\\/tedxvub.be\\\/wp-content\\\/uploads\\\/2025\\\/04\\\/ted-x-vub-bruxelles-belgique-06.webp\",\"datePublished\":\"2025-02-12T09:41:52+00:00\",\"dateModified\":\"2025-09-23T11:16:30+00:00\",\"description\":\"L'appel \u00e0 candidatures est d\u00e9sormais ouvert pour TEDxVUB 2025. Soumettez votre id\u00e9e et montez sur sc\u00e8ne pour inspirer le changement \u00e0 Bruxelles.\",\"breadcrumb\":{\"@id\":\"https:\\\/\\\/tedxvub.be\\\/fr\\\/appel-a-candidatures\\\/#breadcrumb\"},\"inLanguage\":\"fr-FR\",\"potentialAction\":[{\"@type\":\"ReadAction\",\"target\":[\"https:\\\/\\\/tedxvub.be\\\/fr\\\/appel-a-candidatures\\\/\"]}]},{\"@type\":\"ImageObject\",\"inLanguage\":\"fr-FR\",\"@id\":\"https:\\\/\\\/tedxvub.be\\\/fr\\\/appel-a-candidatures\\\/#primaryimage\",\"url\":\"https:\\\/\\\/tedxvub.be\\\/wp-content\\\/uploads\\\/2025\\\/04\\\/ted-x-vub-bruxelles-belgique-06.webp\",\"contentUrl\":\"https:\\\/\\\/tedxvub.be\\\/wp-content\\\/uploads\\\/2025\\\/04\\\/ted-x-vub-bruxelles-belgique-06.webp\"},{\"@type\":\"BreadcrumbList\",\"@id\":\"https:\\\/\\\/tedxvub.be\\\/fr\\\/appel-a-candidatures\\\/#breadcrumb\",\"itemListElement\":[{\"@type\":\"ListItem\",\"position\":1,\"name\":\"Accueil\",\"item\":\"https:\\\/\\\/tedxvub.be\\\/fr\\\/accueil-dernieres-modifications\\\/\"},{\"@type\":\"ListItem\",\"position\":2,\"name\":\"Appel \u00e0 candidatures\"}]},{\"@type\":\"WebSite\",\"@id\":\"https:\\\/\\\/tedxvub.be\\\/fr\\\/#website\",\"url\":\"https:\\\/\\\/tedxvub.be\\\/fr\\\/\",\"name\":\"TEDxVUB\",\"description\":\"\",\"publisher\":{\"@id\":\"https:\\\/\\\/tedxvub.be\\\/fr\\\/#organization\"},\"potentialAction\":[{\"@type\":\"SearchAction\",\"target\":{\"@type\":\"EntryPoint\",\"urlTemplate\":\"https:\\\/\\\/tedxvub.be\\\/fr\\\/?s={search_term_string}\"},\"query-input\":{\"@type\":\"PropertyValueSpecification\",\"valueRequired\":true,\"valueName\":\"search_term_string\"}}],\"inLanguage\":\"fr-FR\"},{\"@type\":\"Organization\",\"@id\":\"https:\\\/\\\/tedxvub.be\\\/fr\\\/#organization\",\"name\":\"TEDxVUB\",\"url\":\"https:\\\/\\\/tedxvub.be\\\/fr\\\/\",\"logo\":{\"@type\":\"ImageObject\",\"inLanguage\":\"fr-FR\",\"@id\":\"https:\\\/\\\/tedxvub.be\\\/fr\\\/#\\\/schema\\\/logo\\\/image\\\/\",\"url\":\"https:\\\/\\\/tedxvub.be\\\/wp-content\\\/uploads\\\/2025\\\/01\\\/ted-x-vub-belgique-bruxells-logo.png\",\"contentUrl\":\"https:\\\/\\\/tedxvub.be\\\/wp-content\\\/uploads\\\/2025\\\/01\\\/ted-x-vub-belgique-bruxells-logo.png\",\"width\":1496,\"height\":440,\"caption\":\"TEDxVUB\"},\"image\":{\"@id\":\"https:\\\/\\\/tedxvub.be\\\/fr\\\/#\\\/schema\\\/logo\\\/image\\\/\"}}]}<\/script>\n<!-- \/ Yoast SEO plugin. -->","yoast_head_json":{"title":"Appel \u00e0 candidatures | TEDxVUB 2025 \u2013 Prenez la parole lors de notre \u00e9v\u00e9nement","description":"L'appel \u00e0 candidatures est d\u00e9sormais ouvert pour TEDxVUB 2025. Soumettez votre id\u00e9e et montez sur sc\u00e8ne pour inspirer le changement \u00e0 Bruxelles.","robots":{"index":"index","follow":"follow","max-snippet":"max-snippet:-1","max-image-preview":"max-image-preview:large","max-video-preview":"max-video-preview:-1"},"canonical":"https:\/\/tedxvub.be\/fr\/appel-a-candidatures\/","og_locale":"fr_FR","og_type":"article","og_title":"Appel \u00e0 candidatures | TEDxVUB 2025 \u2013 Prenez la parole lors de notre \u00e9v\u00e9nement","og_description":"L'appel \u00e0 candidatures est d\u00e9sormais ouvert pour TEDxVUB 2025. Soumettez votre id\u00e9e et montez sur sc\u00e8ne pour inspirer le changement \u00e0 Bruxelles.","og_url":"https:\/\/tedxvub.be\/fr\/appel-a-candidatures\/","og_site_name":"TEDxVUB","article_modified_time":"2025-09-23T11:16:30+00:00","og_image":[{"url":"https:\/\/tedxvub.be\/wp-content\/uploads\/2025\/04\/ted-x-vub-bruxelles-belgique-06.webp","type":"","width":"","height":""}],"twitter_card":"summary_large_image","twitter_misc":{"Dur\u00e9e de lecture estim\u00e9e":"2 minutes"},"schema":{"@context":"https:\/\/schema.org","@graph":[{"@type":"WebPage","@id":"https:\/\/tedxvub.be\/fr\/appel-a-candidatures\/","url":"https:\/\/tedxvub.be\/fr\/appel-a-candidatures\/","name":"Appel \u00e0 candidatures | TEDxVUB 2025 \u2013 Prenez la parole lors de notre \u00e9v\u00e9nement","isPartOf":{"@id":"https:\/\/tedxvub.be\/fr\/#website"},"primaryImageOfPage":{"@id":"https:\/\/tedxvub.be\/fr\/appel-a-candidatures\/#primaryimage"},"image":{"@id":"https:\/\/tedxvub.be\/fr\/appel-a-candidatures\/#primaryimage"},"thumbnailUrl":"https:\/\/tedxvub.be\/wp-content\/uploads\/2025\/04\/ted-x-vub-bruxelles-belgique-06.webp","datePublished":"2025-02-12T09:41:52+00:00","dateModified":"2025-09-23T11:16:30+00:00","description":"L'appel \u00e0 candidatures est d\u00e9sormais ouvert pour TEDxVUB 2025. Soumettez votre id\u00e9e et montez sur sc\u00e8ne pour inspirer le changement \u00e0 Bruxelles.","breadcrumb":{"@id":"https:\/\/tedxvub.be\/fr\/appel-a-candidatures\/#breadcrumb"},"inLanguage":"fr-FR","potentialAction":[{"@type":"ReadAction","target":["https:\/\/tedxvub.be\/fr\/appel-a-candidatures\/"]}]},{"@type":"ImageObject","inLanguage":"fr-FR","@id":"https:\/\/tedxvub.be\/fr\/appel-a-candidatures\/#primaryimage","url":"https:\/\/tedxvub.be\/wp-content\/uploads\/2025\/04\/ted-x-vub-bruxelles-belgique-06.webp","contentUrl":"https:\/\/tedxvub.be\/wp-content\/uploads\/2025\/04\/ted-x-vub-bruxelles-belgique-06.webp"},{"@type":"BreadcrumbList","@id":"https:\/\/tedxvub.be\/fr\/appel-a-candidatures\/#breadcrumb","itemListElement":[{"@type":"ListItem","position":1,"name":"Accueil","item":"https:\/\/tedxvub.be\/fr\/accueil-dernieres-modifications\/"},{"@type":"ListItem","position":2,"name":"Appel \u00e0 candidatures"}]},{"@type":"WebSite","@id":"https:\/\/tedxvub.be\/fr\/#website","url":"https:\/\/tedxvub.be\/fr\/","name":"TEDxVUB","description":"","publisher":{"@id":"https:\/\/tedxvub.be\/fr\/#organization"},"potentialAction":[{"@type":"SearchAction","target":{"@type":"EntryPoint","urlTemplate":"https:\/\/tedxvub.be\/fr\/?s={search_term_string}"},"query-input":{"@type":"PropertyValueSpecification","valueRequired":true,"valueName":"search_term_string"}}],"inLanguage":"fr-FR"},{"@type":"Organization","@id":"https:\/\/tedxvub.be\/fr\/#organization","name":"TEDxVUB","url":"https:\/\/tedxvub.be\/fr\/","logo":{"@type":"ImageObject","inLanguage":"fr-FR","@id":"https:\/\/tedxvub.be\/fr\/#\/schema\/logo\/image\/","url":"https:\/\/tedxvub.be\/wp-content\/uploads\/2025\/01\/ted-x-vub-belgique-bruxells-logo.png","contentUrl":"https:\/\/tedxvub.be\/wp-content\/uploads\/2025\/01\/ted-x-vub-belgique-bruxells-logo.png","width":1496,"height":440,"caption":"TEDxVUB"},"image":{"@id":"https:\/\/tedxvub.be\/fr\/#\/schema\/logo\/image\/"}}]}},"_links":{"self":[{"href":"https:\/\/tedxvub.be\/fr\/wp-json\/wp\/v2\/pages\/2773","targetHints":{"allow":["GET"]}}],"collection":[{"href":"https:\/\/tedxvub.be\/fr\/wp-json\/wp\/v2\/pages"}],"about":[{"href":"https:\/\/tedxvub.be\/fr\/wp-json\/wp\/v2\/types\/page"}],"author":[{"embeddable":true,"href":"https:\/\/tedxvub.be\/fr\/wp-json\/wp\/v2\/users\/1"}],"replies":[{"embeddable":true,"href":"https:\/\/tedxvub.be\/fr\/wp-json\/wp\/v2\/comments?post=2773"}],"version-history":[{"count":3,"href":"https:\/\/tedxvub.be\/fr\/wp-json\/wp\/v2\/pages\/2773\/revisions"}],"predecessor-version":[{"id":3327,"href":"https:\/\/tedxvub.be\/fr\/wp-json\/wp\/v2\/pages\/2773\/revisions\/3327"}],"wp:attachment":[{"href":"https:\/\/tedxvub.be\/fr\/wp-json\/wp\/v2\/media?parent=2773"}],"curies":[{"name":"wp","href":"https:\/\/api.w.org\/{rel}","templated":true}]}}