{"id":2785,"date":"2025-02-17T10:47:05","date_gmt":"2025-02-17T09:47:05","guid":{"rendered":"https:\/\/tedxvub.be\/accueil-dernieres-modifications\/"},"modified":"2026-03-06T11:35:04","modified_gmt":"2026-03-06T10:35:04","slug":"accueil-dernieres-modifications","status":"publish","type":"page","link":"https:\/\/tedxvub.be\/fr\/","title":{"rendered":"Accueil"},"content":{"rendered":"\t\t<div data-elementor-type=\"wp-page\" data-elementor-id=\"2785\" class=\"elementor elementor-2785 elementor-1953\" data-elementor-post-type=\"page\">\n\t\t\t\t\t\t<section class=\"elementor-section elementor-top-section elementor-element elementor-element-9fe99a9 elementor-section-height-min-height elementor-section-boxed elementor-section-height-default elementor-section-items-middle\" data-id=\"9fe99a9\" data-element_type=\"section\" data-e-type=\"section\" data-settings=\"{&quot;background_background&quot;:&quot;slideshow&quot;,&quot;background_slideshow_gallery&quot;:[{&quot;id&quot;:2990,&quot;url&quot;:&quot;https:\\\/\\\/tedxvub.be\\\/wp-content\\\/uploads\\\/2025\\\/04\\\/ted-x-vub-bruxelles-belgique-18-1.webp&quot;}],&quot;shape_divider_bottom&quot;:&quot;opacity-tilt&quot;,&quot;background_slideshow_loop&quot;:&quot;yes&quot;,&quot;background_slideshow_slide_duration&quot;:5000,&quot;background_slideshow_slide_transition&quot;:&quot;fade&quot;,&quot;background_slideshow_transition_duration&quot;:500}\">\n\t\t\t\t\t\t\t<div class=\"elementor-background-overlay\"><\/div>\n\t\t\t\t\t\t<div class=\"elementor-shape elementor-shape-bottom\" aria-hidden=\"true\" data-negative=\"false\">\n\t\t\t<svg xmlns=\"http:\/\/www.w3.org\/2000\/svg\" viewBox=\"0 0 2600 131.1\" preserveAspectRatio=\"none\">\n\t<path class=\"elementor-shape-fill\" d=\"M0 0L2600 0 2600 69.1 0 0z\"\/>\n\t<path class=\"elementor-shape-fill\" style=\"opacity:0.5\" d=\"M0 0L2600 0 2600 69.1 0 69.1z\"\/>\n\t<path class=\"elementor-shape-fill\" style=\"opacity:0.25\" d=\"M2600 0L0 0 0 130.1 2600 69.1z\"\/>\n<\/svg>\t\t<\/div>\n\t\t\t\t\t<div class=\"elementor-container elementor-column-gap-no\">\n\t\t\t\t\t<div class=\"elementor-column elementor-col-100 elementor-top-column elementor-element elementor-element-569da39\" data-id=\"569da39\" data-element_type=\"column\" data-e-type=\"column\">\n\t\t\t<div class=\"elementor-widget-wrap elementor-element-populated\">\n\t\t\t\t\t\t<div class=\"elementor-element elementor-element-dba2d04 elementor-widget elementor-widget-text-editor\" data-id=\"dba2d04\" data-element_type=\"widget\" data-e-type=\"widget\" data-widget_type=\"text-editor.default\">\n\t\t\t\t<div class=\"elementor-widget-container\">\n\t\t\t\t\t\t\t\t\t<p><strong>Bienvenue \u00e0 <strong style=\"color: #eb0028;\">TEDx<\/strong>VUB !<\/strong><\/p>\t\t\t\t\t\t\t\t<\/div>\n\t\t\t\t<\/div>\n\t\t\t\t<div class=\"elementor-element elementor-element-db8e40d elementor-hidden-tablet elementor-hidden-mobile elementor-widget elementor-widget-text-editor\" data-id=\"db8e40d\" data-element_type=\"widget\" data-e-type=\"widget\" data-widget_type=\"text-editor.default\">\n\t\t\t\t<div class=\"elementor-widget-container\">\n\t\t\t\t\t\t\t\t\t<p>TEDxVUB est un \u00e9v\u00e9nement TEDx organis\u00e9 de mani\u00e8re ind\u00e9pendante qui offre \u00e0 la communaut\u00e9 VUB une tribune pour partager <strong><span style=\"color: red;\">des id\u00e9es qui m\u00e9ritent d&rsquo;\u00eatre diffus\u00e9es.<\/span><\/strong> Plus qu&rsquo;une simple plateforme d&rsquo;inspiration et d&rsquo;innovation, il favorise des \u00e9changes audacieux, un dialogue interdisciplinaire et des connexions porteuses de v\u00e9ritables changements.<\/p><p>\u00c0 TEDxVUB, \u00e9tudiants, professeurs et anciens \u00e9l\u00e8ves ne se contentent pas de partager leurs connaissances, ils partagent leur vision, leur passion et la conviction que <strong><span style=\"color: red;\">les id\u00e9es changent tout.<\/span><\/strong> C&rsquo;est un espace o\u00f9 la curiosit\u00e9 rencontre le courage, et o\u00f9 l&rsquo;impossible devient possible.<\/p>\t\t\t\t\t\t\t\t<\/div>\n\t\t\t\t<\/div>\n\t\t\t\t<div class=\"elementor-element elementor-element-24ff724 elementor-hidden-desktop elementor-widget elementor-widget-text-editor\" data-id=\"24ff724\" data-element_type=\"widget\" data-e-type=\"widget\" data-widget_type=\"text-editor.default\">\n\t\t\t\t<div class=\"elementor-widget-container\">\n\t\t\t\t\t\t\t\t\t<p><strong>TEDxVUB est un \u00e9v\u00e9nement TEDx organis\u00e9 de mani\u00e8re ind\u00e9pendante qui offre \u00e0 la communaut\u00e9 VUB une tribune pour partager des id\u00e9es qui m\u00e9ritent d&rsquo;\u00eatre diffus\u00e9es. Plus qu&rsquo;une simple plateforme d&rsquo;inspiration et d&rsquo;innovation, il favorise des \u00e9changes audacieux, un dialogue interdisciplinaire et des connexions porteuses de v\u00e9ritables changements. <\/strong><\/p>\t\t\t\t\t\t\t\t<\/div>\n\t\t\t\t<\/div>\n\t\t\t\t<div class=\"elementor-element elementor-element-f48335d elementor-align-center elementor-mobile-align-center elementor-tablet-align-center elementor-widget elementor-widget-button\" data-id=\"f48335d\" data-element_type=\"widget\" data-e-type=\"widget\" data-widget_type=\"button.default\">\n\t\t\t\t<div class=\"elementor-widget-container\">\n\t\t\t\t\t\t\t\t\t<div class=\"elementor-button-wrapper\">\n\t\t\t\t\t<a class=\"elementor-button elementor-button-link elementor-size-sm\" href=\"https:\/\/forms.gle\/AwNnvnpKJmgu5ZM89\">\n\t\t\t\t\t\t<span class=\"elementor-button-content-wrapper\">\n\t\t\t\t\t\t\t\t\t<span class=\"elementor-button-text\">Devenez intervenant(e) cette ann\u00e9e !<\/span>\n\t\t\t\t\t<\/span>\n\t\t\t\t\t<\/a>\n\t\t\t\t<\/div>\n\t\t\t\t\t\t\t\t<\/div>\n\t\t\t\t<\/div>\n\t\t\t\t\t<\/div>\n\t\t<\/div>\n\t\t\t\t\t<\/div>\n\t\t<\/section>\n\t\t\t\t<section class=\"elementor-section elementor-top-section elementor-element elementor-element-301f3d2 elementor-section-boxed elementor-section-height-default elementor-section-height-default\" data-id=\"301f3d2\" data-element_type=\"section\" data-e-type=\"section\" data-settings=\"{&quot;background_background&quot;:&quot;classic&quot;}\">\n\t\t\t\t\t\t<div class=\"elementor-container elementor-column-gap-default\">\n\t\t\t\t\t<div class=\"elementor-column elementor-col-50 elementor-top-column elementor-element elementor-element-93cc45e\" data-id=\"93cc45e\" data-element_type=\"column\" data-e-type=\"column\">\n\t\t\t<div class=\"elementor-widget-wrap elementor-element-populated\">\n\t\t\t\t\t\t<div class=\"elementor-element elementor-element-ca29bad elementor-widget elementor-widget-image\" data-id=\"ca29bad\" data-element_type=\"widget\" data-e-type=\"widget\" data-widget_type=\"image.default\">\n\t\t\t\t<div class=\"elementor-widget-container\">\n\t\t\t\t\t\t\t\t\t\t\t\t\t\t\t<img fetchpriority=\"high\" decoding=\"async\" width=\"1024\" height=\"683\" src=\"https:\/\/tedxvub.be\/wp-content\/uploads\/2025\/11\/ted-x-vub-bruxelles-belgique.jpg\" class=\"attachment-full size-full wp-image-3495\" alt=\"\" srcset=\"https:\/\/tedxvub.be\/wp-content\/uploads\/2025\/11\/ted-x-vub-bruxelles-belgique.jpg 1024w, https:\/\/tedxvub.be\/wp-content\/uploads\/2025\/11\/ted-x-vub-bruxelles-belgique-300x200.jpg 300w, https:\/\/tedxvub.be\/wp-content\/uploads\/2025\/11\/ted-x-vub-bruxelles-belgique-768x512.jpg 768w\" sizes=\"(max-width: 1024px) 100vw, 1024px\" \/>\t\t\t\t\t\t\t\t\t\t\t\t\t\t\t<\/div>\n\t\t\t\t<\/div>\n\t\t\t\t\t<\/div>\n\t\t<\/div>\n\t\t\t\t<div class=\"elementor-column elementor-col-50 elementor-top-column elementor-element elementor-element-5f6f5e0\" data-id=\"5f6f5e0\" data-element_type=\"column\" data-e-type=\"column\">\n\t\t\t<div class=\"elementor-widget-wrap elementor-element-populated\">\n\t\t\t\t\t\t<div class=\"elementor-element elementor-element-1bdec11 elementor-widget elementor-widget-heading\" data-id=\"1bdec11\" data-element_type=\"widget\" data-e-type=\"widget\" data-widget_type=\"heading.default\">\n\t\t\t\t<div class=\"elementor-widget-container\">\n\t\t\t\t\t<h2 class=\"elementor-heading-title elementor-size-default\">Le prochain chapitre : What if?<\/h2>\t\t\t\t<\/div>\n\t\t\t\t<\/div>\n\t\t\t\t<div class=\"elementor-element elementor-element-7236d46 elementor-widget elementor-widget-text-editor\" data-id=\"7236d46\" data-element_type=\"widget\" data-e-type=\"widget\" data-widget_type=\"text-editor.default\">\n\t\t\t\t<div class=\"elementor-widget-container\">\n\t\t\t\t\t\t\t\t\t<p>Suite \u00e0 l\u2019appel de l\u2019an dernier \u00e0 \u00ab Never Say Never \u00bb, cette \u00e9dition de <strong style=\"color: #eb0028;\">TEDx<\/strong>VUB nous invite \u00e0 franchir une nouvelle \u00e9tape : <strong>\u201cWhat If?\u201d<\/strong>. Alors que nous c\u00e9l\u00e9brions auparavant la r\u00e9silience et le courage de repousser les limites, nous tournons d\u00e9sormais notre attention vers le pouvoir de l\u2019imagination et des possibilit\u00e9s.<\/p><p><strong>\u00ab What If? \u00bb<\/strong> commence par la curiosit\u00e9. Il s\u2019agit d\u2019explorer l\u2019inconnu, de d\u00e9passer ce qui nous est familier et de laisser les questions nous guider vers de nouvelles perspectives. C\u2019est le moment o\u00f9 l\u2019h\u00e9sitation rencontre l\u2019audace, o\u00f9 le doute se transforme en d\u00e9couverte, et o\u00f9 une seule id\u00e9e peut allumer une \u00e9tincelle capable de transformer notre mani\u00e8re de voir le monde.  <\/p>\t\t\t\t\t\t\t\t<\/div>\n\t\t\t\t<\/div>\n\t\t\t\t\t<\/div>\n\t\t<\/div>\n\t\t\t\t\t<\/div>\n\t\t<\/section>\n\t\t\t\t<section class=\"elementor-section elementor-top-section elementor-element elementor-element-a972667 elementor-section-boxed elementor-section-height-default elementor-section-height-default\" data-id=\"a972667\" data-element_type=\"section\" data-e-type=\"section\" data-settings=\"{&quot;shape_divider_top&quot;:&quot;opacity-tilt&quot;}\">\n\t\t\t\t\t<div class=\"elementor-shape elementor-shape-top\" aria-hidden=\"true\" data-negative=\"false\">\n\t\t\t<svg xmlns=\"http:\/\/www.w3.org\/2000\/svg\" viewBox=\"0 0 2600 131.1\" preserveAspectRatio=\"none\">\n\t<path class=\"elementor-shape-fill\" d=\"M0 0L2600 0 2600 69.1 0 0z\"\/>\n\t<path class=\"elementor-shape-fill\" style=\"opacity:0.5\" d=\"M0 0L2600 0 2600 69.1 0 69.1z\"\/>\n\t<path class=\"elementor-shape-fill\" style=\"opacity:0.25\" d=\"M2600 0L0 0 0 130.1 2600 69.1z\"\/>\n<\/svg>\t\t<\/div>\n\t\t\t\t\t<div class=\"elementor-container elementor-column-gap-default\">\n\t\t\t\t\t<div class=\"elementor-column elementor-col-50 elementor-top-column elementor-element elementor-element-2f7197f\" data-id=\"2f7197f\" data-element_type=\"column\" data-e-type=\"column\">\n\t\t\t<div class=\"elementor-widget-wrap elementor-element-populated\">\n\t\t\t\t\t\t<div class=\"elementor-element elementor-element-cdf4069 elementor-widget elementor-widget-heading\" data-id=\"cdf4069\" data-element_type=\"widget\" data-e-type=\"widget\" data-widget_type=\"heading.default\">\n\t\t\t\t<div class=\"elementor-widget-container\">\n\t\t\t\t\t<h2 class=\"elementor-heading-title elementor-size-default\">L\u00e0 o\u00f9 naissent les id\u00e9es audacieuses<\/h2>\t\t\t\t<\/div>\n\t\t\t\t<\/div>\n\t\t\t\t<div class=\"elementor-element elementor-element-92a01ae elementor-widget elementor-widget-text-editor\" data-id=\"92a01ae\" data-element_type=\"widget\" data-e-type=\"widget\" data-widget_type=\"text-editor.default\">\n\t\t\t\t<div class=\"elementor-widget-container\">\n\t\t\t\t\t\t\t\t\t<p>Ce th\u00e8me c\u00e9l\u00e8bre la cr\u00e9ativit\u00e9 et l\u2019innovation humaines, la volont\u00e9 de poser des questions audacieuses, d\u2019imaginer des futurs qui n\u2019existent pas encore et d\u2019embrasser l\u2019incertitude qui m\u00e8ne souvent \u00e0 des id\u00e9es r\u00e9volutionnaires.<\/p><p>\u00c0 <strong style=\"color: #eb0028;\">TEDx<\/strong>VUB 2026, nous invitons les intervenants \u00e0 explorer ces possibilit\u00e9s et \u00e0 partager des id\u00e9es qui remettent en question les certitudes, \u00e9veillent la curiosit\u00e9 et ouvrent la voie \u00e0 de nouvelles fa\u00e7ons de penser.<\/p><p>Parce que tout changement significatif commence par une simple question : <strong>What if?<\/strong><\/p>\t\t\t\t\t\t\t\t<\/div>\n\t\t\t\t<\/div>\n\t\t\t\t<div class=\"elementor-element elementor-element-dc2b039 elementor-align-left elementor-mobile-align-center elementor-tablet-align-left elementor-widget elementor-widget-button\" data-id=\"dc2b039\" data-element_type=\"widget\" data-e-type=\"widget\" data-widget_type=\"button.default\">\n\t\t\t\t<div class=\"elementor-widget-container\">\n\t\t\t\t\t\t\t\t\t<div class=\"elementor-button-wrapper\">\n\t\t\t\t\t<a class=\"elementor-button elementor-button-link elementor-size-sm\" href=\"https:\/\/forms.gle\/AwNnvnpKJmgu5ZM89\">\n\t\t\t\t\t\t<span class=\"elementor-button-content-wrapper\">\n\t\t\t\t\t\t\t\t\t<span class=\"elementor-button-text\">Appel \u00e0 candidatures<\/span>\n\t\t\t\t\t<\/span>\n\t\t\t\t\t<\/a>\n\t\t\t\t<\/div>\n\t\t\t\t\t\t\t\t<\/div>\n\t\t\t\t<\/div>\n\t\t\t\t\t<\/div>\n\t\t<\/div>\n\t\t\t\t<div class=\"elementor-column elementor-col-50 elementor-top-column elementor-element elementor-element-2f154fc\" data-id=\"2f154fc\" data-element_type=\"column\" data-e-type=\"column\">\n\t\t\t<div class=\"elementor-widget-wrap elementor-element-populated\">\n\t\t\t\t\t\t<div class=\"elementor-element elementor-element-6068342 elementor-widget elementor-widget-image\" data-id=\"6068342\" data-element_type=\"widget\" data-e-type=\"widget\" data-widget_type=\"image.default\">\n\t\t\t\t<div class=\"elementor-widget-container\">\n\t\t\t\t\t\t\t\t\t\t\t\t\t\t\t<img decoding=\"async\" width=\"800\" height=\"534\" src=\"https:\/\/tedxvub.be\/wp-content\/uploads\/2025\/11\/gallery-ted-x-vub-bruxelles-belgique-002.webp\" class=\"attachment-large size-large wp-image-3709\" alt=\"\" srcset=\"https:\/\/tedxvub.be\/wp-content\/uploads\/2025\/11\/gallery-ted-x-vub-bruxelles-belgique-002.webp 1024w, https:\/\/tedxvub.be\/wp-content\/uploads\/2025\/11\/gallery-ted-x-vub-bruxelles-belgique-002-300x200.webp 300w, https:\/\/tedxvub.be\/wp-content\/uploads\/2025\/11\/gallery-ted-x-vub-bruxelles-belgique-002-768x512.webp 768w\" sizes=\"(max-width: 800px) 100vw, 800px\" \/>\t\t\t\t\t\t\t\t\t\t\t\t\t\t\t<\/div>\n\t\t\t\t<\/div>\n\t\t\t\t\t<\/div>\n\t\t<\/div>\n\t\t\t\t\t<\/div>\n\t\t<\/section>\n\t\t\t\t<section class=\"elementor-section elementor-top-section elementor-element elementor-element-6eada5b elementor-section-height-min-height elementor-hidden-desktop elementor-hidden-tablet elementor-hidden-mobile elementor-section-boxed elementor-section-height-default elementor-section-items-middle\" data-id=\"6eada5b\" data-element_type=\"section\" data-e-type=\"section\" data-settings=\"{&quot;background_background&quot;:&quot;slideshow&quot;,&quot;background_slideshow_gallery&quot;:[],&quot;background_slideshow_loop&quot;:&quot;yes&quot;,&quot;background_slideshow_slide_duration&quot;:5000,&quot;background_slideshow_slide_transition&quot;:&quot;fade&quot;,&quot;background_slideshow_transition_duration&quot;:500}\">\n\t\t\t\t\t\t\t<div class=\"elementor-background-overlay\"><\/div>\n\t\t\t\t\t\t\t<div class=\"elementor-container elementor-column-gap-no\">\n\t\t\t\t\t<div class=\"elementor-column elementor-col-33 elementor-top-column elementor-element elementor-element-280f318\" data-id=\"280f318\" data-element_type=\"column\" data-e-type=\"column\">\n\t\t\t<div class=\"elementor-widget-wrap\">\n\t\t\t\t\t\t\t<\/div>\n\t\t<\/div>\n\t\t\t\t<div class=\"elementor-column elementor-col-33 elementor-top-column elementor-element elementor-element-f76feb8\" data-id=\"f76feb8\" data-element_type=\"column\" data-e-type=\"column\" data-settings=\"{&quot;background_background&quot;:&quot;classic&quot;}\">\n\t\t\t<div class=\"elementor-widget-wrap elementor-element-populated\">\n\t\t\t\t\t\t<div class=\"elementor-element elementor-element-73a6c5d elementor-widget elementor-widget-text-editor\" data-id=\"73a6c5d\" data-element_type=\"widget\" data-e-type=\"widget\" data-widget_type=\"text-editor.default\">\n\t\t\t\t<div class=\"elementor-widget-container\">\n\t\t\t\t\t\t\t\t\t<h3><span data-teams=\"true\"><strong><span style=\"color: black;\">Impliquez<\/span>&#8211;<span style=\"color: red;\">vous<\/span><\/strong><br><\/span><\/h3>\t\t\t\t\t\t\t\t<\/div>\n\t\t\t\t<\/div>\n\t\t\t\t<div class=\"elementor-element elementor-element-e8dfced elementor-hidden-tablet elementor-hidden-mobile elementor-widget elementor-widget-text-editor\" data-id=\"e8dfced\" data-element_type=\"widget\" data-e-type=\"widget\" data-widget_type=\"text-editor.default\">\n\t\t\t\t<div class=\"elementor-widget-container\">\n\t\t\t\t\t\t\t\t\t<h4>Ne manquez pas cette occasion : prenez votre billet TEDxVUB d\u00e8s aujourd\u2019hui et participez \u00e0 une soir\u00e9e inoubliable d\u2019id\u00e9es qui m\u00e9ritent d\u2019\u00eatre diffus\u00e9es !<\/h4>\t\t\t\t\t\t\t\t<\/div>\n\t\t\t\t<\/div>\n\t\t\t\t<div class=\"elementor-element elementor-element-cab001a elementor-hidden-desktop elementor-widget elementor-widget-text-editor\" data-id=\"cab001a\" data-element_type=\"widget\" data-e-type=\"widget\" data-widget_type=\"text-editor.default\">\n\t\t\t\t<div class=\"elementor-widget-container\">\n\t\t\t\t\t\t\t\t\t<p><strong>\u00cates-vous pr\u00eat \u00e0 prendre part \u00e0 un \u00e9v\u00e9nement transformateur ? Rejoignez-nous en tant qu&rsquo;intervenant, sponsor ou b\u00e9n\u00e9vole et contribuez \u00e0 faire de TEDxVUB une exp\u00e9rience inoubliable. <\/strong><\/p>\t\t\t\t\t\t\t\t<\/div>\n\t\t\t\t<\/div>\n\t\t\t\t<div class=\"elementor-element elementor-element-9b8eb80 elementor-align-center elementor-mobile-align-center elementor-tablet-align-center elementor-widget elementor-widget-button\" data-id=\"9b8eb80\" data-element_type=\"widget\" data-e-type=\"widget\" data-widget_type=\"button.default\">\n\t\t\t\t<div class=\"elementor-widget-container\">\n\t\t\t\t\t\t\t\t\t<div class=\"elementor-button-wrapper\">\n\t\t\t\t\t<a class=\"elementor-button elementor-button-link elementor-size-sm\" href=\"https:\/\/tedxvub.be\/fr\/billetterie\/\">\n\t\t\t\t\t\t<span class=\"elementor-button-content-wrapper\">\n\t\t\t\t\t\t\t\t\t<span class=\"elementor-button-text\">Achetez votre billet maintenant<\/span>\n\t\t\t\t\t<\/span>\n\t\t\t\t\t<\/a>\n\t\t\t\t<\/div>\n\t\t\t\t\t\t\t\t<\/div>\n\t\t\t\t<\/div>\n\t\t\t\t\t<\/div>\n\t\t<\/div>\n\t\t\t\t<div class=\"elementor-column elementor-col-33 elementor-top-column elementor-element elementor-element-7f52d33\" data-id=\"7f52d33\" data-element_type=\"column\" data-e-type=\"column\">\n\t\t\t<div class=\"elementor-widget-wrap\">\n\t\t\t\t\t\t\t<\/div>\n\t\t<\/div>\n\t\t\t\t\t<\/div>\n\t\t<\/section>\n\t\t\t\t<section class=\"elementor-section elementor-top-section elementor-element elementor-element-b3e431f elementor-hidden-desktop elementor-hidden-tablet elementor-hidden-mobile elementor-section-boxed elementor-section-height-default elementor-section-height-default\" data-id=\"b3e431f\" data-element_type=\"section\" data-e-type=\"section\" data-settings=\"{&quot;shape_divider_top&quot;:&quot;opacity-tilt&quot;}\">\n\t\t\t\t\t<div class=\"elementor-shape elementor-shape-top\" aria-hidden=\"true\" data-negative=\"false\">\n\t\t\t<svg xmlns=\"http:\/\/www.w3.org\/2000\/svg\" viewBox=\"0 0 2600 131.1\" preserveAspectRatio=\"none\">\n\t<path class=\"elementor-shape-fill\" d=\"M0 0L2600 0 2600 69.1 0 0z\"\/>\n\t<path class=\"elementor-shape-fill\" style=\"opacity:0.5\" d=\"M0 0L2600 0 2600 69.1 0 69.1z\"\/>\n\t<path class=\"elementor-shape-fill\" style=\"opacity:0.25\" d=\"M2600 0L0 0 0 130.1 2600 69.1z\"\/>\n<\/svg>\t\t<\/div>\n\t\t\t\t\t<div class=\"elementor-container elementor-column-gap-default\">\n\t\t\t\t\t<div class=\"elementor-column elementor-col-100 elementor-top-column elementor-element elementor-element-2bfaf02\" data-id=\"2bfaf02\" data-element_type=\"column\" data-e-type=\"column\">\n\t\t\t<div class=\"elementor-widget-wrap elementor-element-populated\">\n\t\t\t\t\t\t<div class=\"elementor-element elementor-element-31b0975 elementor-widget elementor-widget-heading\" data-id=\"31b0975\" data-element_type=\"widget\" data-e-type=\"widget\" data-widget_type=\"heading.default\">\n\t\t\t\t<div class=\"elementor-widget-container\">\n\t\t\t\t\t<h2 class=\"elementor-heading-title elementor-size-default\">Intervenants<\/h2>\t\t\t\t<\/div>\n\t\t\t\t<\/div>\n\t\t\t\t<div class=\"elementor-element elementor-element-fb431fc elementor-widget elementor-widget-heading\" data-id=\"fb431fc\" data-element_type=\"widget\" data-e-type=\"widget\" data-widget_type=\"heading.default\">\n\t\t\t\t<div class=\"elementor-widget-container\">\n\t\t\t\t\t<h2 class=\"elementor-heading-title elementor-size-default\">D\u00e9couvrez la remarquable programmation des intervenants de TEDxVUB 2025 ! Des jeunes leaders dynamiques qui repoussent les limites du service public aux innovateurs visionnaires qui fa\u00e7onnent l'avenir des technologies. <\/h2>\t\t\t\t<\/div>\n\t\t\t\t<\/div>\n\t\t\t\t<section class=\"elementor-section elementor-inner-section elementor-element elementor-element-e542cc9 elementor-section-boxed elementor-section-height-default elementor-section-height-default\" data-id=\"e542cc9\" data-element_type=\"section\" data-e-type=\"section\">\n\t\t\t\t\t\t<div class=\"elementor-container elementor-column-gap-default\">\n\t\t\t\t\t<div class=\"elementor-column elementor-col-33 elementor-inner-column elementor-element elementor-element-e5de802\" data-id=\"e5de802\" data-element_type=\"column\" data-e-type=\"column\" data-settings=\"{&quot;background_background&quot;:&quot;classic&quot;}\">\n\t\t\t<div class=\"elementor-widget-wrap elementor-element-populated\">\n\t\t\t\t\t\t<div class=\"elementor-element elementor-element-6765e0f elementor-widget elementor-widget-heading\" data-id=\"6765e0f\" data-element_type=\"widget\" data-e-type=\"widget\" data-widget_type=\"heading.default\">\n\t\t\t\t<div class=\"elementor-widget-container\">\n\t\t\t\t\t<h2 class=\"elementor-heading-title elementor-size-default\">Oskar <br>BONTE<\/h2>\t\t\t\t<\/div>\n\t\t\t\t<\/div>\n\t\t\t\t<div class=\"elementor-element elementor-element-b4e54e8 elementor-widget elementor-widget-text-editor\" data-id=\"b4e54e8\" data-element_type=\"widget\" data-e-type=\"widget\" data-widget_type=\"text-editor.default\">\n\t\t\t\t<div class=\"elementor-widget-container\">\n\t\t\t\t\t\t\t\t\t<p>Pourquoi les \u00e9tudiants<br>ne devraient pas attendre<br>la permission de<br>changer le monde<\/p>\t\t\t\t\t\t\t\t<\/div>\n\t\t\t\t<\/div>\n\t\t\t\t<div class=\"elementor-element elementor-element-f9921c3 elementor-widget elementor-widget-text-editor\" data-id=\"f9921c3\" data-element_type=\"widget\" data-e-type=\"widget\" data-widget_type=\"text-editor.default\">\n\t\t\t\t<div class=\"elementor-widget-container\">\n\t\t\t\t\t\t\t\t\t<p>Oskar Bonte est \u00e9tudiant en droit \u00e0 la VUB et un fervent militant pour le climat. Par son plaidoyer et ses initiatives, il encourage les \u00e9tudiants \u00e0 remettre en question les normes, \u00e0 agir et \u00e0 montrer la voie face aux enjeux environnementaux urgents.  <\/p>\t\t\t\t\t\t\t\t<\/div>\n\t\t\t\t<\/div>\n\t\t\t\t\t<\/div>\n\t\t<\/div>\n\t\t\t\t<div class=\"elementor-column elementor-col-33 elementor-inner-column elementor-element elementor-element-a9a2ca5\" data-id=\"a9a2ca5\" data-element_type=\"column\" data-e-type=\"column\" data-settings=\"{&quot;background_background&quot;:&quot;classic&quot;}\">\n\t\t\t<div class=\"elementor-widget-wrap elementor-element-populated\">\n\t\t\t\t\t\t<div class=\"elementor-element elementor-element-cb72748 elementor-widget elementor-widget-heading\" data-id=\"cb72748\" data-element_type=\"widget\" data-e-type=\"widget\" data-widget_type=\"heading.default\">\n\t\t\t\t<div class=\"elementor-widget-container\">\n\t\t\t\t\t<h2 class=\"elementor-heading-title elementor-size-default\">Emma <br>RHEEL<\/h2>\t\t\t\t<\/div>\n\t\t\t\t<\/div>\n\t\t\t\t<div class=\"elementor-element elementor-element-4c62e65 elementor-widget elementor-widget-text-editor\" data-id=\"4c62e65\" data-element_type=\"widget\" data-e-type=\"widget\" data-widget_type=\"text-editor.default\">\n\t\t\t\t<div class=\"elementor-widget-container\">\n\t\t\t\t\t\t\t\t\tLa douleur s&rsquo;apprend<br>Et elle peut \u00eatre d\u00e9sapprise\t\t\t\t\t\t\t\t<\/div>\n\t\t\t\t<\/div>\n\t\t\t\t<div class=\"elementor-element elementor-element-83f43a0 elementor-widget elementor-widget-text-editor\" data-id=\"83f43a0\" data-element_type=\"widget\" data-e-type=\"widget\" data-widget_type=\"text-editor.default\">\n\t\t\t\t<div class=\"elementor-widget-container\">\n\t\t\t\t\t\t\t\t\t<p>Emma Rheel est chercheuse postdoctorale \u00e0 la VUB, o\u00f9 elle \u00e9tudie la douleur p\u00e9diatrique.<br>Ses recherches portent sur les causes de la douleur chronique chez les enfants et sur la mani\u00e8re dont la distraction, l\u2019\u00e9ducation et le soutien parental peuvent influencer leur exp\u00e9rience de la douleur ainsi que leur r\u00e9silience. <\/p>\t\t\t\t\t\t\t\t<\/div>\n\t\t\t\t<\/div>\n\t\t\t\t\t<\/div>\n\t\t<\/div>\n\t\t\t\t<div class=\"elementor-column elementor-col-33 elementor-inner-column elementor-element elementor-element-42d0cf4\" data-id=\"42d0cf4\" data-element_type=\"column\" data-e-type=\"column\" data-settings=\"{&quot;background_background&quot;:&quot;classic&quot;}\">\n\t\t\t<div class=\"elementor-widget-wrap elementor-element-populated\">\n\t\t\t\t\t\t<div class=\"elementor-element elementor-element-7abb57a elementor-widget elementor-widget-heading\" data-id=\"7abb57a\" data-element_type=\"widget\" data-e-type=\"widget\" data-widget_type=\"heading.default\">\n\t\t\t\t<div class=\"elementor-widget-container\">\n\t\t\t\t\t<h2 class=\"elementor-heading-title elementor-size-default\">Lesley<br>DE CRUZ<\/h2>\t\t\t\t<\/div>\n\t\t\t\t<\/div>\n\t\t\t\t<div class=\"elementor-element elementor-element-cc2ffbe elementor-widget elementor-widget-text-editor\" data-id=\"cc2ffbe\" data-element_type=\"widget\" data-e-type=\"widget\" data-widget_type=\"text-editor.default\">\n\t\t\t\t<div class=\"elementor-widget-container\">\n\t\t\t\t\t\t\t\t\t<p>Les femmes dans les STEM : la diversit\u00e9, cl\u00e9 de la science<\/p>\t\t\t\t\t\t\t\t<\/div>\n\t\t\t\t<\/div>\n\t\t\t\t<div class=\"elementor-element elementor-element-a408742 elementor-widget elementor-widget-text-editor\" data-id=\"a408742\" data-element_type=\"widget\" data-e-type=\"widget\" data-widget_type=\"text-editor.default\">\n\t\t\t\t<div class=\"elementor-widget-container\">\n\t\t\t\t\t\t\t\t\t<p>Lesley De Cruz est professeure \u00e0 la VUB. Tr\u00e8s active dans diff\u00e9rents domaines visant \u00e0 rendre les sciences plus inclusives, elle est ambassadrice WATS de cette ann\u00e9e, d\u00e9fendant la place des femmes dans les STEM et faisant entendre des voix souvent oubli\u00e9es.  <\/p>\t\t\t\t\t\t\t\t<\/div>\n\t\t\t\t<\/div>\n\t\t\t\t\t<\/div>\n\t\t<\/div>\n\t\t\t\t\t<\/div>\n\t\t<\/section>\n\t\t\t\t<section class=\"elementor-section elementor-inner-section elementor-element elementor-element-a0044ae elementor-section-boxed elementor-section-height-default elementor-section-height-default\" data-id=\"a0044ae\" data-element_type=\"section\" data-e-type=\"section\">\n\t\t\t\t\t\t<div class=\"elementor-container elementor-column-gap-default\">\n\t\t\t\t\t<div class=\"elementor-column elementor-col-25 elementor-inner-column elementor-element elementor-element-8d2043a\" data-id=\"8d2043a\" data-element_type=\"column\" data-e-type=\"column\" data-settings=\"{&quot;background_background&quot;:&quot;classic&quot;}\">\n\t\t\t<div class=\"elementor-widget-wrap\">\n\t\t\t\t\t\t\t<\/div>\n\t\t<\/div>\n\t\t\t\t<div class=\"elementor-column elementor-col-25 elementor-inner-column elementor-element elementor-element-85987f1\" data-id=\"85987f1\" data-element_type=\"column\" data-e-type=\"column\" data-settings=\"{&quot;background_background&quot;:&quot;classic&quot;}\">\n\t\t\t<div class=\"elementor-widget-wrap elementor-element-populated\">\n\t\t\t\t\t\t<div class=\"elementor-element elementor-element-0133c0f elementor-widget elementor-widget-heading\" data-id=\"0133c0f\" data-element_type=\"widget\" data-e-type=\"widget\" data-widget_type=\"heading.default\">\n\t\t\t\t<div class=\"elementor-widget-container\">\n\t\t\t\t\t<h2 class=\"elementor-heading-title elementor-size-default\">Nicole Cabezas Loja<\/h2>\t\t\t\t<\/div>\n\t\t\t\t<\/div>\n\t\t\t\t<div class=\"elementor-element elementor-element-13a9692 elementor-widget elementor-widget-text-editor\" data-id=\"13a9692\" data-element_type=\"widget\" data-e-type=\"widget\" data-widget_type=\"text-editor.default\">\n\t\t\t\t<div class=\"elementor-widget-container\">\n\t\t\t\t\t\t\t\t\t<p>Pourquoi les microagressions ne sont pas \u201cmicro\u201d, et ce que nous pouvons faire pour y rem\u00e9dier<\/p>\t\t\t\t\t\t\t\t<\/div>\n\t\t\t\t<\/div>\n\t\t\t\t<div class=\"elementor-element elementor-element-2ad1d27 elementor-widget elementor-widget-text-editor\" data-id=\"2ad1d27\" data-element_type=\"widget\" data-e-type=\"widget\" data-widget_type=\"text-editor.default\">\n\t\t\t\t<div class=\"elementor-widget-container\">\n\t\t\t\t\t\t\t\t\t<p>Nicole Cabezas Loja est \u00e9tudiante \u00e0 la VUB et D\u00e9l\u00e9gu\u00e9e Jeunesse aupr\u00e8s de l\u2019ONU, o\u00f9 elle concentre son travail sur les droits humains et la justice sociale.<br>\u00c0 travers son r\u00f4le, elle plaide pour la protection et la promotion des droits des enfants et des jeunes, tant au niveau national qu\u2019international, veillant \u00e0 ce que leurs voix et leurs perspectives soient repr\u00e9sent\u00e9es dans les processus d\u00e9cisionnels mondiaux. <\/p>\t\t\t\t\t\t\t\t<\/div>\n\t\t\t\t<\/div>\n\t\t\t\t\t<\/div>\n\t\t<\/div>\n\t\t\t\t<div class=\"elementor-column elementor-col-25 elementor-inner-column elementor-element elementor-element-ffeb010\" data-id=\"ffeb010\" data-element_type=\"column\" data-e-type=\"column\" data-settings=\"{&quot;background_background&quot;:&quot;classic&quot;}\">\n\t\t\t<div class=\"elementor-widget-wrap elementor-element-populated\">\n\t\t\t\t\t\t<div class=\"elementor-element elementor-element-cc1159f elementor-widget elementor-widget-heading\" data-id=\"cc1159f\" data-element_type=\"widget\" data-e-type=\"widget\" data-widget_type=\"heading.default\">\n\t\t\t\t<div class=\"elementor-widget-container\">\n\t\t\t\t\t<h2 class=\"elementor-heading-title elementor-size-default\">Amin<br>KHORARI<\/h2>\t\t\t\t<\/div>\n\t\t\t\t<\/div>\n\t\t\t\t<div class=\"elementor-element elementor-element-94be8f4 elementor-widget elementor-widget-text-editor\" data-id=\"94be8f4\" data-element_type=\"widget\" data-e-type=\"widget\" data-widget_type=\"text-editor.default\">\n\t\t\t\t<div class=\"elementor-widget-container\">\n\t\t\t\t\t\t\t\t\t<p>Quand l&rsquo;itin\u00e9raire change : se retrouver sur des routes impr\u00e9vues<\/p>\t\t\t\t\t\t\t\t<\/div>\n\t\t\t\t<\/div>\n\t\t\t\t<div class=\"elementor-element elementor-element-3aca8ec elementor-widget elementor-widget-text-editor\" data-id=\"3aca8ec\" data-element_type=\"widget\" data-e-type=\"widget\" data-widget_type=\"text-editor.default\">\n\t\t\t\t<div class=\"elementor-widget-container\">\n\t\t\t\t\t\t\t\t\t<p>Amin Khorari a \u00e9tudi\u00e9 l&rsquo;ing\u00e9nierie commerciale \u00e0 la VUB et a commenc\u00e9 une nouvelle vie dans une nouvelle ville, loin du chemin qu&rsquo;il avait imagin\u00e9. Son parcours, fait de retards dans ses \u00e9tudes, de refus d&#8217;emploi, de d\u00e9tours de voyage et d&rsquo;opportunit\u00e9s inattendues, lui a appris que le progr\u00e8s n&rsquo;est pas toujours lin\u00e9aire et que la r\u00e9silience na\u00eet souvent de r\u00e9orientations impr\u00e9vues. <\/p>\t\t\t\t\t\t\t\t<\/div>\n\t\t\t\t<\/div>\n\t\t\t\t\t<\/div>\n\t\t<\/div>\n\t\t\t\t<div class=\"elementor-column elementor-col-25 elementor-inner-column elementor-element elementor-element-d3390fa\" data-id=\"d3390fa\" data-element_type=\"column\" data-e-type=\"column\" data-settings=\"{&quot;background_background&quot;:&quot;classic&quot;}\">\n\t\t\t<div class=\"elementor-widget-wrap\">\n\t\t\t\t\t\t\t<\/div>\n\t\t<\/div>\n\t\t\t\t\t<\/div>\n\t\t<\/section>\n\t\t\t\t\t<\/div>\n\t\t<\/div>\n\t\t\t\t\t<\/div>\n\t\t<\/section>\n\t\t<div class=\"elementor-element elementor-element-9e1b452 e-flex e-con-boxed e-con e-parent\" data-id=\"9e1b452\" data-element_type=\"container\" data-e-type=\"container\">\n\t\t\t\t\t<div class=\"e-con-inner\">\n\t\t\t\t<div class=\"elementor-element elementor-element-e14448a elementor-widget elementor-widget-heading\" data-id=\"e14448a\" data-element_type=\"widget\" data-e-type=\"widget\" data-widget_type=\"heading.default\">\n\t\t\t\t<div class=\"elementor-widget-container\">\n\t\t\t\t\t<h2 class=\"elementor-heading-title elementor-size-default\">D\u00e9couvrez l\u2019\u00e9v\u00e9nement de l\u2019ann\u00e9e derni\u00e8re<\/h2>\t\t\t\t<\/div>\n\t\t\t\t<\/div>\n\t\t\t\t<div class=\"elementor-element elementor-element-09849ed elementor-widget elementor-widget-heading\" data-id=\"09849ed\" data-element_type=\"widget\" data-e-type=\"widget\" data-widget_type=\"heading.default\">\n\t\t\t\t<div class=\"elementor-widget-container\">\n\t\t\t\t\t<h2 class=\"elementor-heading-title elementor-size-default\">D\u00e9couvrez la remarquable programmation des intervenants de TEDxVUB 2025 ! Des jeunes leaders dynamiques qui repoussent les limites du service public aux innovateurs visionnaires qui fa\u00e7onnent l'avenir des technologies. <\/h2>\t\t\t\t<\/div>\n\t\t\t\t<\/div>\n\t\t\t\t<div class=\"elementor-element elementor-element-906bf2e elementor-skin-carousel elementor-arrows-yes elementor-pagination-type-bullets elementor-pagination-position-outside elementor-widget elementor-widget-media-carousel\" data-id=\"906bf2e\" data-element_type=\"widget\" data-e-type=\"widget\" data-settings=\"{&quot;skin&quot;:&quot;carousel&quot;,&quot;effect&quot;:&quot;slide&quot;,&quot;show_arrows&quot;:&quot;yes&quot;,&quot;pagination&quot;:&quot;bullets&quot;,&quot;speed&quot;:500,&quot;autoplay&quot;:&quot;yes&quot;,&quot;autoplay_speed&quot;:5000,&quot;loop&quot;:&quot;yes&quot;,&quot;pause_on_hover&quot;:&quot;yes&quot;,&quot;pause_on_interaction&quot;:&quot;yes&quot;,&quot;space_between&quot;:{&quot;unit&quot;:&quot;px&quot;,&quot;size&quot;:10,&quot;sizes&quot;:[]},&quot;space_between_tablet&quot;:{&quot;unit&quot;:&quot;px&quot;,&quot;size&quot;:10,&quot;sizes&quot;:[]},&quot;space_between_mobile&quot;:{&quot;unit&quot;:&quot;px&quot;,&quot;size&quot;:10,&quot;sizes&quot;:[]}}\" data-widget_type=\"media-carousel.default\">\n\t\t\t\t<div class=\"elementor-widget-container\">\n\t\t\t\t\t\t\t\t\t<div class=\"elementor-swiper\">\n\t\t\t\t\t<div class=\"elementor-main-swiper swiper\" role=\"region\" aria-roledescription=\"carousel\" aria-label=\"Slides\">\n\t\t\t\t<div class=\"swiper-wrapper\">\n\t\t\t\t\t\t\t\t\t\t\t<div class=\"swiper-slide\" role=\"group\" aria-roledescription=\"slide\">\n\t\t\t\t\t\t\t<a href=\"https:\/\/tedxvub.be\/wp-content\/uploads\/2025\/11\/speakers-ted-x-vub-bruxelles-belgique-03.png\" data-elementor-open-lightbox=\"yes\" data-elementor-lightbox-slideshow=\"906bf2e\" data-elementor-lightbox-title=\"speakers-ted-x-vub-bruxelles-belgique-03\" data-e-action-hash=\"#elementor-action%3Aaction%3Dlightbox%26settings%3DeyJpZCI6MzU4NywidXJsIjoiaHR0cHM6XC9cL3RlZHh2dWIuYmVcL3dwLWNvbnRlbnRcL3VwbG9hZHNcLzIwMjVcLzExXC9zcGVha2Vycy10ZWQteC12dWItYnJ1eGVsbGVzLWJlbGdpcXVlLTAzLnBuZyIsInNsaWRlc2hvdyI6IjkwNmJmMmUifQ%3D%3D\" data-elementor-lightbox-video=\"https:\/\/www.youtube.com\/embed\/vEIhsHjynv0?feature=oembed&amp;autoplay=1&amp;rel=0&amp;controls=0\">\t\t<div class=\"elementor-carousel-image\" role=\"img\" aria-label=\"speakers-ted-x-vub-bruxelles-belgique-03\" style=\"background-image: url(&#039;https:\/\/tedxvub.be\/wp-content\/uploads\/2025\/11\/speakers-ted-x-vub-bruxelles-belgique-03.png&#039;)\">\n\n\t\t\t\n\t\t\t\t\t\t\t<div class=\"elementor-custom-embed-play\">\n\t\t\t\t\t<svg aria-hidden=\"true\" class=\"e-font-icon-svg e-eicon-play\" viewBox=\"0 0 1000 1000\" xmlns=\"http:\/\/www.w3.org\/2000\/svg\"><path d=\"M838 162C746 71 633 25 500 25 371 25 258 71 163 162 71 254 25 367 25 500 25 633 71 746 163 837 254 929 367 979 500 979 633 979 746 933 838 837 929 746 975 633 975 500 975 367 929 254 838 162M808 192C892 279 933 379 933 500 933 621 892 725 808 808 725 892 621 938 500 938 379 938 279 896 196 808 113 725 67 621 67 500 67 379 108 279 196 192 279 108 383 62 500 62 621 62 721 108 808 192M438 392V642L642 517 438 392Z\"><\/path><\/svg>\t\t\t\t\t<span class=\"elementor-screen-only\">Play<\/span>\n\t\t\t\t<\/div>\n\t\t\t\t\t<\/div>\n\t\t<\/a>\t\t\t\t\t\t<\/div>\n\t\t\t\t\t\t\t\t\t\t\t<div class=\"swiper-slide\" role=\"group\" aria-roledescription=\"slide\">\n\t\t\t\t\t\t\t<a href=\"https:\/\/tedxvub.be\/wp-content\/uploads\/2025\/11\/speakers-ted-x-vub-bruxelles-belgique-04.png\" data-elementor-open-lightbox=\"yes\" data-elementor-lightbox-slideshow=\"906bf2e\" data-elementor-lightbox-title=\"speakers-ted-x-vub-bruxelles-belgique-04\" data-e-action-hash=\"#elementor-action%3Aaction%3Dlightbox%26settings%3DeyJpZCI6MzU5MCwidXJsIjoiaHR0cHM6XC9cL3RlZHh2dWIuYmVcL3dwLWNvbnRlbnRcL3VwbG9hZHNcLzIwMjVcLzExXC9zcGVha2Vycy10ZWQteC12dWItYnJ1eGVsbGVzLWJlbGdpcXVlLTA0LnBuZyIsInNsaWRlc2hvdyI6IjkwNmJmMmUifQ%3D%3D\" data-elementor-lightbox-video=\"https:\/\/www.youtube.com\/embed\/xg2qE35IWLQ?feature=oembed&amp;autoplay=1&amp;rel=0&amp;controls=0\">\t\t<div class=\"elementor-carousel-image\" role=\"img\" aria-label=\"speakers-ted-x-vub-bruxelles-belgique-04\" style=\"background-image: url(&#039;https:\/\/tedxvub.be\/wp-content\/uploads\/2025\/11\/speakers-ted-x-vub-bruxelles-belgique-04.png&#039;)\">\n\n\t\t\t\n\t\t\t\t\t\t\t<div class=\"elementor-custom-embed-play\">\n\t\t\t\t\t<svg aria-hidden=\"true\" class=\"e-font-icon-svg e-eicon-play\" viewBox=\"0 0 1000 1000\" xmlns=\"http:\/\/www.w3.org\/2000\/svg\"><path d=\"M838 162C746 71 633 25 500 25 371 25 258 71 163 162 71 254 25 367 25 500 25 633 71 746 163 837 254 929 367 979 500 979 633 979 746 933 838 837 929 746 975 633 975 500 975 367 929 254 838 162M808 192C892 279 933 379 933 500 933 621 892 725 808 808 725 892 621 938 500 938 379 938 279 896 196 808 113 725 67 621 67 500 67 379 108 279 196 192 279 108 383 62 500 62 621 62 721 108 808 192M438 392V642L642 517 438 392Z\"><\/path><\/svg>\t\t\t\t\t<span class=\"elementor-screen-only\">Play<\/span>\n\t\t\t\t<\/div>\n\t\t\t\t\t<\/div>\n\t\t<\/a>\t\t\t\t\t\t<\/div>\n\t\t\t\t\t\t\t\t\t\t\t<div class=\"swiper-slide\" role=\"group\" aria-roledescription=\"slide\">\n\t\t\t\t\t\t\t<a href=\"https:\/\/tedxvub.be\/wp-content\/uploads\/2025\/11\/speakers-ted-x-vub-bruxelles-belgique-02.png\" data-elementor-open-lightbox=\"yes\" data-elementor-lightbox-slideshow=\"906bf2e\" data-elementor-lightbox-title=\"speakers-ted-x-vub-bruxelles-belgique-02\" data-e-action-hash=\"#elementor-action%3Aaction%3Dlightbox%26settings%3DeyJpZCI6MzU5MywidXJsIjoiaHR0cHM6XC9cL3RlZHh2dWIuYmVcL3dwLWNvbnRlbnRcL3VwbG9hZHNcLzIwMjVcLzExXC9zcGVha2Vycy10ZWQteC12dWItYnJ1eGVsbGVzLWJlbGdpcXVlLTAyLnBuZyIsInNsaWRlc2hvdyI6IjkwNmJmMmUifQ%3D%3D\" data-elementor-lightbox-video=\"https:\/\/www.youtube.com\/embed\/-Ra0t35NYFw?feature=oembed&amp;autoplay=1&amp;rel=0&amp;controls=0\">\t\t<div class=\"elementor-carousel-image\" role=\"img\" aria-label=\"speakers-ted-x-vub-bruxelles-belgique-02\" style=\"background-image: url(&#039;https:\/\/tedxvub.be\/wp-content\/uploads\/2025\/11\/speakers-ted-x-vub-bruxelles-belgique-02.png&#039;)\">\n\n\t\t\t\n\t\t\t\t\t\t\t<div class=\"elementor-custom-embed-play\">\n\t\t\t\t\t<svg aria-hidden=\"true\" class=\"e-font-icon-svg e-eicon-play\" viewBox=\"0 0 1000 1000\" xmlns=\"http:\/\/www.w3.org\/2000\/svg\"><path d=\"M838 162C746 71 633 25 500 25 371 25 258 71 163 162 71 254 25 367 25 500 25 633 71 746 163 837 254 929 367 979 500 979 633 979 746 933 838 837 929 746 975 633 975 500 975 367 929 254 838 162M808 192C892 279 933 379 933 500 933 621 892 725 808 808 725 892 621 938 500 938 379 938 279 896 196 808 113 725 67 621 67 500 67 379 108 279 196 192 279 108 383 62 500 62 621 62 721 108 808 192M438 392V642L642 517 438 392Z\"><\/path><\/svg>\t\t\t\t\t<span class=\"elementor-screen-only\">Play<\/span>\n\t\t\t\t<\/div>\n\t\t\t\t\t<\/div>\n\t\t<\/a>\t\t\t\t\t\t<\/div>\n\t\t\t\t\t\t\t\t\t<\/div>\n\t\t\t\t\t\t\t\t\t\t\t\t\t\t\t<div class=\"elementor-swiper-button elementor-swiper-button-prev\" role=\"button\" tabindex=\"0\" aria-label=\"Previous\">\n\t\t\t\t\t\t\t<svg aria-hidden=\"true\" class=\"e-font-icon-svg e-eicon-chevron-left\" viewBox=\"0 0 1000 1000\" xmlns=\"http:\/\/www.w3.org\/2000\/svg\"><path d=\"M646 125C629 125 613 133 604 142L308 442C296 454 292 471 292 487 292 504 296 521 308 533L604 854C617 867 629 875 646 875 663 875 679 871 692 858 704 846 713 829 713 812 713 796 708 779 692 767L438 487 692 225C700 217 708 204 708 187 708 171 704 154 692 142 675 129 663 125 646 125Z\"><\/path><\/svg>\t\t\t\t\t\t<\/div>\n\t\t\t\t\t\t<div class=\"elementor-swiper-button elementor-swiper-button-next\" role=\"button\" tabindex=\"0\" aria-label=\"Next\">\n\t\t\t\t\t\t\t<svg aria-hidden=\"true\" class=\"e-font-icon-svg e-eicon-chevron-right\" viewBox=\"0 0 1000 1000\" xmlns=\"http:\/\/www.w3.org\/2000\/svg\"><path d=\"M696 533C708 521 713 504 713 487 713 471 708 454 696 446L400 146C388 133 375 125 354 125 338 125 325 129 313 142 300 154 292 171 292 187 292 204 296 221 308 233L563 492 304 771C292 783 288 800 288 817 288 833 296 850 308 863 321 871 338 875 354 875 371 875 388 867 400 854L696 533Z\"><\/path><\/svg>\t\t\t\t\t\t<\/div>\n\t\t\t\t\t\t\t\t\t\t\t\t\t\t\t\t<div class=\"swiper-pagination\"><\/div>\n\t\t\t\t\t\t\t\t\t\t\t\t<\/div>\n\t\t\t\t<\/div>\n\t\t\t\t\t\t\t\t<\/div>\n\t\t\t\t<\/div>\n\t\t\t\t<div class=\"elementor-element elementor-element-3e7448c elementor-align-center elementor-mobile-align-center elementor-tablet-align-center elementor-widget elementor-widget-button\" data-id=\"3e7448c\" data-element_type=\"widget\" data-e-type=\"widget\" data-widget_type=\"button.default\">\n\t\t\t\t<div class=\"elementor-widget-container\">\n\t\t\t\t\t\t\t\t\t<div class=\"elementor-button-wrapper\">\n\t\t\t\t\t<a class=\"elementor-button elementor-button-link elementor-size-sm\" href=\"https:\/\/tedxvub.be\/fr\/partners-4\/\">\n\t\t\t\t\t\t<span class=\"elementor-button-content-wrapper\">\n\t\t\t\t\t\t\t\t\t<span class=\"elementor-button-text\">Voir plus<\/span>\n\t\t\t\t\t<\/span>\n\t\t\t\t\t<\/a>\n\t\t\t\t<\/div>\n\t\t\t\t\t\t\t\t<\/div>\n\t\t\t\t<\/div>\n\t\t\t\t\t<\/div>\n\t\t\t\t<\/div>\n\t\t\t\t<section class=\"elementor-section elementor-top-section elementor-element elementor-element-e59dec1 elementor-section-height-min-height elementor-section-boxed elementor-section-height-default elementor-section-items-middle\" data-id=\"e59dec1\" data-element_type=\"section\" data-e-type=\"section\" data-settings=\"{&quot;background_background&quot;:&quot;slideshow&quot;,&quot;background_slideshow_gallery&quot;:[],&quot;background_slideshow_loop&quot;:&quot;yes&quot;,&quot;background_slideshow_slide_duration&quot;:5000,&quot;background_slideshow_slide_transition&quot;:&quot;fade&quot;,&quot;background_slideshow_transition_duration&quot;:500}\">\n\t\t\t\t\t\t\t<div class=\"elementor-background-overlay\"><\/div>\n\t\t\t\t\t\t\t<div class=\"elementor-container elementor-column-gap-no\">\n\t\t\t\t\t<div class=\"elementor-column elementor-col-33 elementor-top-column elementor-element elementor-element-b462bd7\" data-id=\"b462bd7\" data-element_type=\"column\" data-e-type=\"column\">\n\t\t\t<div class=\"elementor-widget-wrap\">\n\t\t\t\t\t\t\t<\/div>\n\t\t<\/div>\n\t\t\t\t<div class=\"elementor-column elementor-col-33 elementor-top-column elementor-element elementor-element-935db28\" data-id=\"935db28\" data-element_type=\"column\" data-e-type=\"column\" data-settings=\"{&quot;background_background&quot;:&quot;classic&quot;}\">\n\t\t\t<div class=\"elementor-widget-wrap elementor-element-populated\">\n\t\t\t\t\t\t<div class=\"elementor-element elementor-element-804a02c elementor-widget elementor-widget-text-editor\" data-id=\"804a02c\" data-element_type=\"widget\" data-e-type=\"widget\" data-widget_type=\"text-editor.default\">\n\t\t\t\t<div class=\"elementor-widget-container\">\n\t\t\t\t\t\t\t\t\t<h3><span data-teams=\"true\"><strong><span style=\"color: black;\">Osez poser la question \u2013 <\/span><span style=\"color: red;\">What If?<\/span><\/strong>\n<\/span><\/h3>\t\t\t\t\t\t\t\t<\/div>\n\t\t\t\t<\/div>\n\t\t\t\t<div class=\"elementor-element elementor-element-23d8379 elementor-hidden-tablet elementor-hidden-mobile elementor-widget elementor-widget-text-editor\" data-id=\"23d8379\" data-element_type=\"widget\" data-e-type=\"widget\" data-widget_type=\"text-editor.default\">\n\t\t\t\t<div class=\"elementor-widget-container\">\n\t\t\t\t\t\t\t\t\t<strong>TEDxVUB 2026 recherche des intervenants porteurs d\u2019id\u00e9es originales, de recherches in\u00e9dites, d\u2019exp\u00e9riences transformatrices et de perspectives puissantes. Nous valorisons l\u2019authenticit\u00e9, la clart\u00e9 et le courage de remettre en question la pens\u00e9e conventionnelle. Si votre id\u00e9e encourage la r\u00e9flexion et suscite des conversations significatives, soumettez votre candidature d\u00e8s aujourd\u2019hui et rejoignez une sc\u00e8ne d\u00e9di\u00e9e aux possibilit\u00e9s.  <\/strong>\t\t\t\t\t\t\t\t<\/div>\n\t\t\t\t<\/div>\n\t\t\t\t<div class=\"elementor-element elementor-element-60572e7 elementor-align-center elementor-mobile-align-center elementor-tablet-align-center elementor-widget elementor-widget-button\" data-id=\"60572e7\" data-element_type=\"widget\" data-e-type=\"widget\" data-widget_type=\"button.default\">\n\t\t\t\t<div class=\"elementor-widget-container\">\n\t\t\t\t\t\t\t\t\t<div class=\"elementor-button-wrapper\">\n\t\t\t\t\t<a class=\"elementor-button elementor-button-link elementor-size-sm\" href=\"https:\/\/forms.gle\/AwNnvnpKJmgu5ZM89\">\n\t\t\t\t\t\t<span class=\"elementor-button-content-wrapper\">\n\t\t\t\t\t\t\t\t\t<span class=\"elementor-button-text\">Rejoignez-nous d\u00e8s maintenant !<\/span>\n\t\t\t\t\t<\/span>\n\t\t\t\t\t<\/a>\n\t\t\t\t<\/div>\n\t\t\t\t\t\t\t\t<\/div>\n\t\t\t\t<\/div>\n\t\t\t\t\t<\/div>\n\t\t<\/div>\n\t\t\t\t<div class=\"elementor-column elementor-col-33 elementor-top-column elementor-element elementor-element-f7abc38\" data-id=\"f7abc38\" data-element_type=\"column\" data-e-type=\"column\">\n\t\t\t<div class=\"elementor-widget-wrap\">\n\t\t\t\t\t\t\t<\/div>\n\t\t<\/div>\n\t\t\t\t\t<\/div>\n\t\t<\/section>\n\t\t\t\t<\/div>\n\t\t","protected":false},"excerpt":{"rendered":"<p>Bienvenue \u00e0 TEDxVUB ! TEDxVUB est un \u00e9v\u00e9nement TEDx organis\u00e9 de mani\u00e8re ind\u00e9pendante qui offre \u00e0 la communaut\u00e9 VUB une tribune pour partager des id\u00e9es qui m\u00e9ritent d&rsquo;\u00eatre diffus\u00e9es. Plus qu&rsquo;une simple plateforme d&rsquo;inspiration et d&rsquo;innovation, il favorise des \u00e9changes audacieux, un dialogue interdisciplinaire et des connexions porteuses de v\u00e9ritables changements. \u00c0 TEDxVUB, \u00e9tudiants, professeurs [&hellip;]<\/p>\n","protected":false},"author":1,"featured_media":0,"parent":0,"menu_order":0,"comment_status":"closed","ping_status":"closed","template":"","meta":{"footnotes":""},"class_list":["post-2785","page","type-page","status-publish","hentry"],"yoast_head":"<!-- This site is optimized with the Yoast SEO plugin v27.4 - https:\/\/yoast.com\/product\/yoast-seo-wordpress\/ -->\n<title>TEDxVUB Bruxelles 2025 : conf\u00e9rences, innovation et id\u00e9es audacieuses<\/title>\n<meta name=\"description\" content=\"Rejoignez TEDxVUB 2025 : une sc\u00e8ne pour les id\u00e9es audacieuses, la passion et le changement. D\u00e9couvrez des conf\u00e9rences stimulantes et inspirantes.\" \/>\n<meta name=\"robots\" content=\"index, follow, max-snippet:-1, max-image-preview:large, max-video-preview:-1\" \/>\n<link rel=\"canonical\" href=\"https:\/\/tedxvub.be\/fr\/\" \/>\n<meta property=\"og:locale\" content=\"fr_FR\" \/>\n<meta property=\"og:type\" content=\"article\" \/>\n<meta property=\"og:title\" content=\"TEDxVUB Bruxelles 2025 : conf\u00e9rences, innovation et id\u00e9es audacieuses\" \/>\n<meta property=\"og:description\" content=\"Rejoignez TEDxVUB 2025 : une sc\u00e8ne pour les id\u00e9es audacieuses, la passion et le changement. D\u00e9couvrez des conf\u00e9rences stimulantes et inspirantes.\" \/>\n<meta property=\"og:url\" content=\"https:\/\/tedxvub.be\/fr\/\" \/>\n<meta property=\"og:site_name\" content=\"TEDxVUB\" \/>\n<meta property=\"article:modified_time\" content=\"2026-03-06T10:35:04+00:00\" \/>\n<meta property=\"og:image\" content=\"https:\/\/tedxvub.be\/wp-content\/uploads\/2025\/11\/ted-x-vub-bruxelles-belgique.jpg\" \/>\n\t<meta property=\"og:image:width\" content=\"1024\" \/>\n\t<meta property=\"og:image:height\" content=\"683\" \/>\n\t<meta property=\"og:image:type\" content=\"image\/jpeg\" \/>\n<meta name=\"twitter:card\" content=\"summary_large_image\" \/>\n<meta name=\"twitter:label1\" content=\"Dur\u00e9e de lecture estim\u00e9e\" \/>\n\t<meta name=\"twitter:data1\" content=\"3 minutes\" \/>\n<script type=\"application\/ld+json\" class=\"yoast-schema-graph\">{\"@context\":\"https:\\\/\\\/schema.org\",\"@graph\":[{\"@type\":\"WebPage\",\"@id\":\"https:\\\/\\\/tedxvub.be\\\/fr\\\/\",\"url\":\"https:\\\/\\\/tedxvub.be\\\/fr\\\/\",\"name\":\"TEDxVUB Bruxelles 2025 : conf\u00e9rences, innovation et id\u00e9es audacieuses\",\"isPartOf\":{\"@id\":\"https:\\\/\\\/tedxvub.be\\\/fr\\\/#website\"},\"primaryImageOfPage\":{\"@id\":\"https:\\\/\\\/tedxvub.be\\\/fr\\\/#primaryimage\"},\"image\":{\"@id\":\"https:\\\/\\\/tedxvub.be\\\/fr\\\/#primaryimage\"},\"thumbnailUrl\":\"https:\\\/\\\/tedxvub.be\\\/wp-content\\\/uploads\\\/2025\\\/11\\\/ted-x-vub-bruxelles-belgique.jpg\",\"datePublished\":\"2025-02-17T09:47:05+00:00\",\"dateModified\":\"2026-03-06T10:35:04+00:00\",\"description\":\"Rejoignez TEDxVUB 2025 : une sc\u00e8ne pour les id\u00e9es audacieuses, la passion et le changement. D\u00e9couvrez des conf\u00e9rences stimulantes et inspirantes.\",\"breadcrumb\":{\"@id\":\"https:\\\/\\\/tedxvub.be\\\/fr\\\/#breadcrumb\"},\"inLanguage\":\"fr-FR\",\"potentialAction\":[{\"@type\":\"ReadAction\",\"target\":[\"https:\\\/\\\/tedxvub.be\\\/fr\\\/\"]}]},{\"@type\":\"ImageObject\",\"inLanguage\":\"fr-FR\",\"@id\":\"https:\\\/\\\/tedxvub.be\\\/fr\\\/#primaryimage\",\"url\":\"https:\\\/\\\/tedxvub.be\\\/wp-content\\\/uploads\\\/2025\\\/11\\\/ted-x-vub-bruxelles-belgique.jpg\",\"contentUrl\":\"https:\\\/\\\/tedxvub.be\\\/wp-content\\\/uploads\\\/2025\\\/11\\\/ted-x-vub-bruxelles-belgique.jpg\"},{\"@type\":\"BreadcrumbList\",\"@id\":\"https:\\\/\\\/tedxvub.be\\\/fr\\\/#breadcrumb\",\"itemListElement\":[{\"@type\":\"ListItem\",\"position\":1,\"name\":\"Accueil\",\"item\":\"https:\\\/\\\/tedxvub.be\\\/fr\\\/accueil-dernieres-modifications\\\/\"},{\"@type\":\"ListItem\",\"position\":2,\"name\":\"Accueil\"}]},{\"@type\":\"WebSite\",\"@id\":\"https:\\\/\\\/tedxvub.be\\\/fr\\\/#website\",\"url\":\"https:\\\/\\\/tedxvub.be\\\/fr\\\/\",\"name\":\"TEDxVUB\",\"description\":\"\",\"publisher\":{\"@id\":\"https:\\\/\\\/tedxvub.be\\\/fr\\\/#organization\"},\"potentialAction\":[{\"@type\":\"SearchAction\",\"target\":{\"@type\":\"EntryPoint\",\"urlTemplate\":\"https:\\\/\\\/tedxvub.be\\\/fr\\\/?s={search_term_string}\"},\"query-input\":{\"@type\":\"PropertyValueSpecification\",\"valueRequired\":true,\"valueName\":\"search_term_string\"}}],\"inLanguage\":\"fr-FR\"},{\"@type\":\"Organization\",\"@id\":\"https:\\\/\\\/tedxvub.be\\\/fr\\\/#organization\",\"name\":\"TEDxVUB\",\"url\":\"https:\\\/\\\/tedxvub.be\\\/fr\\\/\",\"logo\":{\"@type\":\"ImageObject\",\"inLanguage\":\"fr-FR\",\"@id\":\"https:\\\/\\\/tedxvub.be\\\/fr\\\/#\\\/schema\\\/logo\\\/image\\\/\",\"url\":\"https:\\\/\\\/tedxvub.be\\\/wp-content\\\/uploads\\\/2025\\\/01\\\/ted-x-vub-belgique-bruxells-logo.png\",\"contentUrl\":\"https:\\\/\\\/tedxvub.be\\\/wp-content\\\/uploads\\\/2025\\\/01\\\/ted-x-vub-belgique-bruxells-logo.png\",\"width\":1496,\"height\":440,\"caption\":\"TEDxVUB\"},\"image\":{\"@id\":\"https:\\\/\\\/tedxvub.be\\\/fr\\\/#\\\/schema\\\/logo\\\/image\\\/\"}}]}<\/script>\n<!-- \/ Yoast SEO plugin. -->","yoast_head_json":{"title":"TEDxVUB Bruxelles 2025 : conf\u00e9rences, innovation et id\u00e9es audacieuses","description":"Rejoignez TEDxVUB 2025 : une sc\u00e8ne pour les id\u00e9es audacieuses, la passion et le changement. D\u00e9couvrez des conf\u00e9rences stimulantes et inspirantes.","robots":{"index":"index","follow":"follow","max-snippet":"max-snippet:-1","max-image-preview":"max-image-preview:large","max-video-preview":"max-video-preview:-1"},"canonical":"https:\/\/tedxvub.be\/fr\/","og_locale":"fr_FR","og_type":"article","og_title":"TEDxVUB Bruxelles 2025 : conf\u00e9rences, innovation et id\u00e9es audacieuses","og_description":"Rejoignez TEDxVUB 2025 : une sc\u00e8ne pour les id\u00e9es audacieuses, la passion et le changement. D\u00e9couvrez des conf\u00e9rences stimulantes et inspirantes.","og_url":"https:\/\/tedxvub.be\/fr\/","og_site_name":"TEDxVUB","article_modified_time":"2026-03-06T10:35:04+00:00","og_image":[{"width":1024,"height":683,"url":"https:\/\/tedxvub.be\/wp-content\/uploads\/2025\/11\/ted-x-vub-bruxelles-belgique.jpg","type":"image\/jpeg"}],"twitter_card":"summary_large_image","twitter_misc":{"Dur\u00e9e de lecture estim\u00e9e":"3 minutes"},"schema":{"@context":"https:\/\/schema.org","@graph":[{"@type":"WebPage","@id":"https:\/\/tedxvub.be\/fr\/","url":"https:\/\/tedxvub.be\/fr\/","name":"TEDxVUB Bruxelles 2025 : conf\u00e9rences, innovation et id\u00e9es audacieuses","isPartOf":{"@id":"https:\/\/tedxvub.be\/fr\/#website"},"primaryImageOfPage":{"@id":"https:\/\/tedxvub.be\/fr\/#primaryimage"},"image":{"@id":"https:\/\/tedxvub.be\/fr\/#primaryimage"},"thumbnailUrl":"https:\/\/tedxvub.be\/wp-content\/uploads\/2025\/11\/ted-x-vub-bruxelles-belgique.jpg","datePublished":"2025-02-17T09:47:05+00:00","dateModified":"2026-03-06T10:35:04+00:00","description":"Rejoignez TEDxVUB 2025 : une sc\u00e8ne pour les id\u00e9es audacieuses, la passion et le changement. D\u00e9couvrez des conf\u00e9rences stimulantes et inspirantes.","breadcrumb":{"@id":"https:\/\/tedxvub.be\/fr\/#breadcrumb"},"inLanguage":"fr-FR","potentialAction":[{"@type":"ReadAction","target":["https:\/\/tedxvub.be\/fr\/"]}]},{"@type":"ImageObject","inLanguage":"fr-FR","@id":"https:\/\/tedxvub.be\/fr\/#primaryimage","url":"https:\/\/tedxvub.be\/wp-content\/uploads\/2025\/11\/ted-x-vub-bruxelles-belgique.jpg","contentUrl":"https:\/\/tedxvub.be\/wp-content\/uploads\/2025\/11\/ted-x-vub-bruxelles-belgique.jpg"},{"@type":"BreadcrumbList","@id":"https:\/\/tedxvub.be\/fr\/#breadcrumb","itemListElement":[{"@type":"ListItem","position":1,"name":"Accueil","item":"https:\/\/tedxvub.be\/fr\/accueil-dernieres-modifications\/"},{"@type":"ListItem","position":2,"name":"Accueil"}]},{"@type":"WebSite","@id":"https:\/\/tedxvub.be\/fr\/#website","url":"https:\/\/tedxvub.be\/fr\/","name":"TEDxVUB","description":"","publisher":{"@id":"https:\/\/tedxvub.be\/fr\/#organization"},"potentialAction":[{"@type":"SearchAction","target":{"@type":"EntryPoint","urlTemplate":"https:\/\/tedxvub.be\/fr\/?s={search_term_string}"},"query-input":{"@type":"PropertyValueSpecification","valueRequired":true,"valueName":"search_term_string"}}],"inLanguage":"fr-FR"},{"@type":"Organization","@id":"https:\/\/tedxvub.be\/fr\/#organization","name":"TEDxVUB","url":"https:\/\/tedxvub.be\/fr\/","logo":{"@type":"ImageObject","inLanguage":"fr-FR","@id":"https:\/\/tedxvub.be\/fr\/#\/schema\/logo\/image\/","url":"https:\/\/tedxvub.be\/wp-content\/uploads\/2025\/01\/ted-x-vub-belgique-bruxells-logo.png","contentUrl":"https:\/\/tedxvub.be\/wp-content\/uploads\/2025\/01\/ted-x-vub-belgique-bruxells-logo.png","width":1496,"height":440,"caption":"TEDxVUB"},"image":{"@id":"https:\/\/tedxvub.be\/fr\/#\/schema\/logo\/image\/"}}]}},"_links":{"self":[{"href":"https:\/\/tedxvub.be\/fr\/wp-json\/wp\/v2\/pages\/2785","targetHints":{"allow":["GET"]}}],"collection":[{"href":"https:\/\/tedxvub.be\/fr\/wp-json\/wp\/v2\/pages"}],"about":[{"href":"https:\/\/tedxvub.be\/fr\/wp-json\/wp\/v2\/types\/page"}],"author":[{"embeddable":true,"href":"https:\/\/tedxvub.be\/fr\/wp-json\/wp\/v2\/users\/1"}],"replies":[{"embeddable":true,"href":"https:\/\/tedxvub.be\/fr\/wp-json\/wp\/v2\/comments?post=2785"}],"version-history":[{"count":5,"href":"https:\/\/tedxvub.be\/fr\/wp-json\/wp\/v2\/pages\/2785\/revisions"}],"predecessor-version":[{"id":3921,"href":"https:\/\/tedxvub.be\/fr\/wp-json\/wp\/v2\/pages\/2785\/revisions\/3921"}],"wp:attachment":[{"href":"https:\/\/tedxvub.be\/fr\/wp-json\/wp\/v2\/media?parent=2785"}],"curies":[{"name":"wp","href":"https:\/\/api.w.org\/{rel}","templated":true}]}}